{"id":353,"date":"2012-03-06T13:21:19","date_gmt":"2012-03-06T12:21:19","guid":{"rendered":"http:\/\/www.evelyn-sommerhoff.de\/blog\/wp-content\/uploads\/2012\/03\/viewer_0041.jpg"},"modified":"2012-03-06T13:21:19","modified_gmt":"2012-03-06T12:21:19","slug":"viewer_004-2","status":"inherit","type":"attachment","link":"https:\/\/www.evelyn-sommerhoff.de\/?attachment_id=353","title":{"rendered":"viewer_004"},"author":2,"comment_status":"open","ping_status":"closed","template":"","meta":[],"description":{"rendered":"<p class=\"attachment\"><a href='https:\/\/www.evelyn-sommerhoff.de\/blog\/wp-content\/uploads\/2012\/03\/viewer_0041.jpg'><img width=\"143\" height=\"300\" src=\"https:\/\/www.evelyn-sommerhoff.de\/blog\/wp-content\/uploads\/2012\/03\/viewer_0041-143x300.jpg\" class=\"attachment-medium size-medium\" alt=\"auf in das Delirium............. in Potsdam\" decoding=\"async\" loading=\"lazy\" srcset=\"https:\/\/www.evelyn-sommerhoff.de\/blog\/wp-content\/uploads\/2012\/03\/viewer_0041-143x300.jpg 143w, https:\/\/www.evelyn-sommerhoff.de\/blog\/wp-content\/uploads\/2012\/03\/viewer_0041.jpg 153w\" sizes=\"(max-width: 143px) 100vw, 143px\" \/><\/a><\/p>\n<p>FR\u00dcHLINGSDELIRIUM<br \/>\nFreitag,<br \/>\n16.03.2012<br \/>\n19:00 Uhr bis 21:00 Uhr<br \/>\nD 14467 Potsdam<br \/>\nGalerie<br \/>\nH.-Elfleinstr. 18<\/p>\n<p>FR\u00dcHLINGSDELIRIUM<br \/>\nFR\u00dcHLINGSDELIRIUM  &#8230;aus der Spur geraten, ein wenig verr\u00fcckt werden, wenn es pl\u00f6tzlich wieder   kreucht und fleucht und knospt und sprosst. 10 Fr\u00fchbl\u00fcher wie  Heike Adner, Jan Beumelburg, Arno Bojak, Bj\u00f6rn D\u00e4mpfling, Beret Hamann, Marlis Konrad, Patricia Kranz-Schraven, Lothar Krone, Anja Isabel Schnapka, Evelyn Sommerhoff erwarten sie mit  ihren  Metamorphosen einer floral-erotischen Wunderwelt.<br \/>\nMi + Fr 15-19 Uhr   Sa  12- 16 Uhr  bis 28. April 2012 Vernissage:  16.3. 19Uhr mit Jazz von &#8222;New Orleans Caliente&#8220;<br \/>\nEintritt: frei<br \/>\nVeranstalter: a | e GALERIE angelika euchner<\/p>\n"},"caption":{"rendered":"\nFR\u00dcHLINGSDELIRIUM\nFreitag,\n16.03.2012\n19:00 Uhr bis 21:00 Uhr\nD 14467 Potsdam\nGalerie\nH.-Elfleinstr. 18\nFR\u00dcHLINGSDELIRIUM\nFR\u00dcHLINGSDELIRIUM  &#8230;aus der Spur geraten, ein wenig verr\u00fcckt werden, wenn es pl\u00f6tzlich wieder   kreucht und &hellip;"},"alt_text":"auf in das Delirium............. in Potsdam","media_type":"image","mime_type":"image\/jpeg","media_details":{"width":"153","height":"320","hwstring_small":"height='96' width='45'","file":"2012\/03\/viewer_0041.jpg","sizes":{"thumbnail":{"file":"viewer_0041-150x150.jpg","width":"150","height":"150","source_url":"https:\/\/www.evelyn-sommerhoff.de\/blog\/wp-content\/uploads\/2012\/03\/viewer_0041-150x150.jpg"},"medium":{"file":"viewer_0041-143x300.jpg","width":"143","height":"300","source_url":"https:\/\/www.evelyn-sommerhoff.de\/blog\/wp-content\/uploads\/2012\/03\/viewer_0041-143x300.jpg"},"full":{"file":"viewer_0041.jpg","width":153,"height":320,"mime_type":"image\/jpeg","source_url":"https:\/\/www.evelyn-sommerhoff.de\/blog\/wp-content\/uploads\/2012\/03\/viewer_0041.jpg"}},"image_meta":{"aperture":"0","credit":"","camera":"","caption":"","created_timestamp":"0","copyright":"","focal_length":"0","iso":"0","shutter_speed":"0","title":""}},"post":349,"source_url":"https:\/\/www.evelyn-sommerhoff.de\/blog\/wp-content\/uploads\/2012\/03\/viewer_0041.jpg","_links":{"self":[{"href":"https:\/\/www.evelyn-sommerhoff.de\/index.php?rest_route=\/wp\/v2\/media\/353"}],"collection":[{"href":"https:\/\/www.evelyn-sommerhoff.de\/index.php?rest_route=\/wp\/v2\/media"}],"about":[{"href":"https:\/\/www.evelyn-sommerhoff.de\/index.php?rest_route=\/wp\/v2\/types\/attachment"}],"author":[{"embeddable":true,"href":"https:\/\/www.evelyn-sommerhoff.de\/index.php?rest_route=\/wp\/v2\/users\/2"}],"replies":[{"embeddable":true,"href":"https:\/\/www.evelyn-sommerhoff.de\/index.php?rest_route=%2Fwp%2Fv2%2Fcomments&post=353"}]}}