{"id":55,"date":"2009-12-16T13:49:06","date_gmt":"2009-12-16T12:49:06","guid":{"rendered":"http:\/\/www.evelyn-sommerhoff.de\/?page_id=55"},"modified":"2024-11-20T12:48:12","modified_gmt":"2024-11-20T11:48:12","slug":"kataloge","status":"publish","type":"page","link":"https:\/\/www.evelyn-sommerhoff.de\/?page_id=55","title":{"rendered":"Gesamtkatalog"},"content":{"rendered":"<p>VIRTUELLE GALERIE&#8230;<br \/>\n<script type=\"text\/javascript\">\n\tdomReady(function() {\n\t\tvar instance6 = new ImageFlow();\n\t\tinstance6.init({\n\t\t\tImageFlowID:'ImageFlow_6'\n\t\t\t, startID: 3\n\t\t\t, startAnimation: true\n\t\t\t, onClick: function() { return hs.expand(this,{ src: this.getAttribute('longdesc')});}\n\t\t});\n\t});\n<\/script>\n<div id=\"ImageFlow_6\" class=\"imageflow\">\n\t<img src=\"http:\/\/www.evelyn-sommerhoff.de\/blog\/reflect2.php?img=wp-content\/gallery\/imageflow\/landchafta0ii.jpg&amp;bgc=ffffff\" longdesc=\"http:\/\/www.evelyn-sommerhoff.de\/blog\/wp-content\/gallery\/imageflow\/landchafta0ii.jpg\" width=\"721\" height=\"550\" alt=\"\" title=\"\" \/>\n\t<img src=\"http:\/\/www.evelyn-sommerhoff.de\/blog\/reflect2.php?img=wp-content\/gallery\/imageflow\/20091214_029_600x524.jpg&amp;bgc=ffffff\" longdesc=\"http:\/\/www.evelyn-sommerhoff.de\/blog\/wp-content\/gallery\/imageflow\/20091214_029_600x524.jpg\" width=\"600\" height=\"524\" alt=\"LOTS T\u00d6CHTER; Eitempera, \u00d6lpastell auf Leinwand, 105x120cm, 2007 \" title=\"LOTS T\u00d6CHTER; Eitempera, \u00d6lpastell auf Leinwand, 105x120cm, 2007 \" \/>\n\t<img src=\"http:\/\/www.evelyn-sommerhoff.de\/blog\/reflect2.php?img=wp-content\/gallery\/imageflow\/copy_0_20091214_019_600x332.jpg&amp;bgc=ffffff\" longdesc=\"http:\/\/www.evelyn-sommerhoff.de\/blog\/wp-content\/gallery\/imageflow\/copy_0_20091214_019_600x332.jpg\" width=\"600\" height=\"332\" alt=\"Passion III, Eitempera auf Leinwand, 80x150cm, 2006\" title=\"Passion III, Eitempera auf Leinwand, 80x150cm, 2006\" \/>\n\t<img src=\"http:\/\/www.evelyn-sommerhoff.de\/blog\/reflect2.php?img=wp-content\/gallery\/imageflow\/20091214_056_600x393.jpg&amp;bgc=ffffff\" longdesc=\"http:\/\/www.evelyn-sommerhoff.de\/blog\/wp-content\/gallery\/imageflow\/20091214_056_600x393.jpg\" width=\"600\" height=\"393\" alt=\"KOKETTERIE, Eitempera, Tuschen auf Leinwand, 100x120cm, 2007\" title=\"KOKETTERIE, Eitempera, Tuschen auf Leinwand, 100x120cm, 2007\" \/>\n\t<img src=\"http:\/\/www.evelyn-sommerhoff.de\/blog\/reflect2.php?img=wp-content\/gallery\/imageflow\/fahne3.jpg&amp;bgc=ffffff\" longdesc=\"http:\/\/www.evelyn-sommerhoff.de\/blog\/wp-content\/gallery\/imageflow\/fahne3.jpg\" width=\"343\" height=\"595\" alt=\"Beizen auf Chinapapier, 146x83cm\" title=\"Beizen auf Chinapapier, 146x83cm\" \/>\n\t<img src=\"http:\/\/www.evelyn-sommerhoff.de\/blog\/reflect2.php?img=wp-content\/gallery\/imageflow\/landschafta0.jpg&amp;bgc=ffffff\" longdesc=\"http:\/\/www.evelyn-sommerhoff.de\/blog\/wp-content\/gallery\/imageflow\/landschafta0.jpg\" width=\"787\" height=\"571\" alt=\"Tuschen, Grafit, Acryl auf Fabrianokarton, 100x70cm\" title=\"Tuschen, Grafit, Acryl auf Fabrianokarton, 100x70cm\" \/>\n\t<img src=\"http:\/\/www.evelyn-sommerhoff.de\/blog\/reflect2.php?img=wp-content\/gallery\/imageflow\/fruhstuck-im-gelben-1.jpg&amp;bgc=ffffff\" longdesc=\"http:\/\/www.evelyn-sommerhoff.de\/blog\/wp-content\/gallery\/imageflow\/fruhstuck-im-gelben-1.jpg\" width=\"320\" height=\"266\" alt=\"Fr\u00fchst\u00fcck im Gelben\" title=\"Fr\u00fchst\u00fcck im Gelben\" \/>\n\t<img src=\"http:\/\/www.evelyn-sommerhoff.de\/blog\/reflect2.php?img=wp-content\/gallery\/imageflow\/gelb1-web_.jpg&amp;bgc=ffffff\" longdesc=\"http:\/\/www.evelyn-sommerhoff.de\/blog\/wp-content\/gallery\/imageflow\/gelb1-web_.jpg\" width=\"546\" height=\"600\" alt=\"L\u00fcsterne Engel, \u00d6l auf Leinwand, 125x115cm, 2006 \" title=\"L\u00fcsterne Engel, \u00d6l auf Leinwand, 125x115cm, 2006 \" \/>\n\t<img src=\"http:\/\/www.evelyn-sommerhoff.de\/blog\/reflect2.php?img=wp-content\/gallery\/imageflow\/paar_reihe_aquatinta-web_.jpg&amp;bgc=ffffff\" longdesc=\"http:\/\/www.evelyn-sommerhoff.de\/blog\/wp-content\/gallery\/imageflow\/paar_reihe_aquatinta-web_.jpg\" width=\"351\" height=\"550\" alt=\"Paar II, Aquatinta auf Karton, 42x29cm, 2000\" title=\"Paar II, Aquatinta auf Karton, 42x29cm, 2000\" \/>\n\t<img src=\"http:\/\/www.evelyn-sommerhoff.de\/blog\/reflect2.php?img=wp-content\/gallery\/imageflow\/gelb2-web_.jpg&amp;bgc=ffffff\" longdesc=\"http:\/\/www.evelyn-sommerhoff.de\/blog\/wp-content\/gallery\/imageflow\/gelb2-web_.jpg\" width=\"770\" height=\"400\" alt=\"Gomorrha, 80x150cm, 2008\" title=\"Gomorrha, 80x150cm, 2008\" \/>\n\t<img src=\"http:\/\/www.evelyn-sommerhoff.de\/blog\/reflect2.php?img=wp-content\/gallery\/imageflow\/mg_0105-web_.jpg&amp;bgc=ffffff\" longdesc=\"http:\/\/www.evelyn-sommerhoff.de\/blog\/wp-content\/gallery\/imageflow\/mg_0105-web_.jpg\" width=\"643\" height=\"336\" alt=\" salto mortale - sodom, Eitempera auf Leinwand, 80x150cm, 2006\" title=\" salto mortale - sodom, Eitempera auf Leinwand, 80x150cm, 2006\" \/>\n\t<img src=\"http:\/\/www.evelyn-sommerhoff.de\/blog\/reflect2.php?img=wp-content\/gallery\/imageflow\/bewegunggross-web_.jpg&amp;bgc=ffffff\" longdesc=\"http:\/\/www.evelyn-sommerhoff.de\/blog\/wp-content\/gallery\/imageflow\/bewegunggross-web_.jpg\" width=\"431\" height=\"596\" alt=\"Bewegung, Tempera auf Karton, 113x83cm, 2004\" title=\"Bewegung, Tempera auf Karton, 113x83cm, 2004\" \/>\n\t<img src=\"http:\/\/www.evelyn-sommerhoff.de\/blog\/reflect2.php?img=wp-content\/gallery\/imageflow\/grosse_knieende-web_.jpg&amp;bgc=ffffff\" longdesc=\"http:\/\/www.evelyn-sommerhoff.de\/blog\/wp-content\/gallery\/imageflow\/grosse_knieende-web_.jpg\" width=\"725\" height=\"550\" alt=\"Gro\u00dfe Knieende, \u00d6l auf Leinwand, 95x125cm, 1997\" title=\"Gro\u00dfe Knieende, \u00d6l auf Leinwand, 95x125cm, 1997\" \/>\n<\/div><\/p>\n<p>MOTION IN RED<br \/>\nVernissage 13. Januar 2010 ab 19h Galerie VBK, Sch\u00f6neberger Ufer 57, 10785 Berlin, Ausstellung 14.1. \u2013 7.2.2010.<br \/>\n<em>(Auszug)<\/em><br \/>\n\r\n<div class=\"ngg-galleryoverview\" id=\"ngg-gallery-1-55\">\r\n\r\n\r\n\t\r\n\t<!-- Thumbnails -->\r\n\t\t\r\n\t<div id=\"ngg-image-71\" class=\"ngg-gallery-thumbnail-box\"  >\r\n\t\t<div class=\"ngg-gallery-thumbnail\" >\r\n\t\t\t<a href=\"http:\/\/www.evelyn-sommerhoff.de\/blog\/wp-content\/gallery\/motion-in-red\/20091214_046_600x541.jpg\" title=\"NIKE I, Preistr\u00e4gerbild Benninghauskunstpreis 2009, Leinwand, 110x125, 2009\" class=\"thickbox\" rel=\"set_1\" >\r\n\t\t\t\t\t\t\t\t<img title=\"NIKE I\" alt=\"NIKE I\" src=\"http:\/\/www.evelyn-sommerhoff.de\/blog\/wp-content\/gallery\/motion-in-red\/thumbs\/thumbs_20091214_046_600x541.jpg\" width=\"100\" height=\"75\" \/>\r\n\t\t\t\t\t\t\t<\/a>\r\n\t\t<\/div>\r\n\t<\/div>\r\n\t\r\n\t\t\r\n \t\t\r\n\t<div id=\"ngg-image-70\" class=\"ngg-gallery-thumbnail-box\"  >\r\n\t\t<div class=\"ngg-gallery-thumbnail\" >\r\n\t\t\t<a href=\"http:\/\/www.evelyn-sommerhoff.de\/blog\/wp-content\/gallery\/motion-in-red\/20091214_042_600x550.jpg\" title=\"NIKE II, Leinwand, 110x125, 2009\" class=\"thickbox\" rel=\"set_1\" >\r\n\t\t\t\t\t\t\t\t<img title=\"NIKE II\" alt=\"NIKE II\" src=\"http:\/\/www.evelyn-sommerhoff.de\/blog\/wp-content\/gallery\/motion-in-red\/thumbs\/thumbs_20091214_042_600x550.jpg\" width=\"100\" height=\"75\" \/>\r\n\t\t\t\t\t\t\t<\/a>\r\n\t\t<\/div>\r\n\t<\/div>\r\n\t\r\n\t\t\r\n \t\t\r\n\t<div id=\"ngg-image-12\" class=\"ngg-gallery-thumbnail-box\"  >\r\n\t\t<div class=\"ngg-gallery-thumbnail\" >\r\n\t\t\t<a href=\"http:\/\/www.evelyn-sommerhoff.de\/blog\/wp-content\/gallery\/motion-in-red\/20091214_040_600x539.jpg\" title=\"NIKE III, Tuschen, Acryl; Chinapapier auf Buchbinderleinen, auf Leinwand, 110x125, 2009\" class=\"thickbox\" rel=\"set_1\" >\r\n\t\t\t\t\t\t\t\t<img title=\"NIKE III\" alt=\"NIKE III\" src=\"http:\/\/www.evelyn-sommerhoff.de\/blog\/wp-content\/gallery\/motion-in-red\/thumbs\/thumbs_20091214_040_600x539.jpg\" width=\"100\" height=\"75\" \/>\r\n\t\t\t\t\t\t\t<\/a>\r\n\t\t<\/div>\r\n\t<\/div>\r\n\t\r\n\t\t\r\n \t\t\r\n\t<div id=\"ngg-image-72\" class=\"ngg-gallery-thumbnail-box\"  >\r\n\t\t<div class=\"ngg-gallery-thumbnail\" >\r\n\t\t\t<a href=\"http:\/\/www.evelyn-sommerhoff.de\/blog\/wp-content\/gallery\/motion-in-red\/20091214_047_600x508.jpg\" title=\"NIKE IV, Leinwand, 110x125, 2009\" class=\"thickbox\" rel=\"set_1\" >\r\n\t\t\t\t\t\t\t\t<img title=\"NIKE IV\" alt=\"NIKE IV\" src=\"http:\/\/www.evelyn-sommerhoff.de\/blog\/wp-content\/gallery\/motion-in-red\/thumbs\/thumbs_20091214_047_600x508.jpg\" width=\"88\" height=\"75\" \/>\r\n\t\t\t\t\t\t\t<\/a>\r\n\t\t<\/div>\r\n\t<\/div>\r\n\t\r\n\t\t\r\n \t\t\r\n\t<div id=\"ngg-image-99\" class=\"ngg-gallery-thumbnail-box\"  >\r\n\t\t<div class=\"ngg-gallery-thumbnail\" >\r\n\t\t\t<a href=\"http:\/\/www.evelyn-sommerhoff.de\/blog\/wp-content\/gallery\/motion-in-red\/20091208_008_640x426.jpg\" title=\"MOTION IN RED, Tusche auf Japan, 145x80cm, 2009\" class=\"thickbox\" rel=\"set_1\" >\r\n\t\t\t\t\t\t\t\t<img title=\"MOTION IN RED\" alt=\"MOTION IN RED\" src=\"http:\/\/www.evelyn-sommerhoff.de\/blog\/wp-content\/gallery\/motion-in-red\/thumbs\/thumbs_20091208_008_640x426.jpg\" width=\"100\" height=\"75\" \/>\r\n\t\t\t\t\t\t\t<\/a>\r\n\t\t<\/div>\r\n\t<\/div>\r\n\t\r\n\t\t\r\n \t\t\r\n\t<div id=\"ngg-image-101\" class=\"ngg-gallery-thumbnail-box\"  >\r\n\t\t<div class=\"ngg-gallery-thumbnail\" >\r\n\t\t\t<a href=\"http:\/\/www.evelyn-sommerhoff.de\/blog\/wp-content\/gallery\/motion-in-red\/triade_640x474.jpg\" title=\"TRIADE, \u00d6l auf Leinwand, 190x140, 2009\" class=\"thickbox\" rel=\"set_1\" >\r\n\t\t\t\t\t\t\t\t<img title=\"TRIADE\" alt=\"TRIADE\" src=\"http:\/\/www.evelyn-sommerhoff.de\/blog\/wp-content\/gallery\/motion-in-red\/thumbs\/thumbs_triade_640x474.jpg\" width=\"100\" height=\"75\" \/>\r\n\t\t\t\t\t\t\t<\/a>\r\n\t\t<\/div>\r\n\t<\/div>\r\n\t\r\n\t\t\r\n \t\t\r\n\t<div id=\"ngg-image-91\" class=\"ngg-gallery-thumbnail-box\"  >\r\n\t\t<div class=\"ngg-gallery-thumbnail\" >\r\n\t\t\t<a href=\"http:\/\/www.evelyn-sommerhoff.de\/blog\/wp-content\/gallery\/motion-in-red\/20091214_082_640x371.jpg\" title=\"MOTION IN BLACK, Tuschen auf Japan, 145x80cm, 2009\" class=\"thickbox\" rel=\"set_1\" >\r\n\t\t\t\t\t\t\t\t<img title=\"MOTION IN BLACK\" alt=\"MOTION IN BLACK\" src=\"http:\/\/www.evelyn-sommerhoff.de\/blog\/wp-content\/gallery\/motion-in-red\/thumbs\/thumbs_20091214_082_640x371.jpg\" width=\"100\" height=\"75\" \/>\r\n\t\t\t\t\t\t\t<\/a>\r\n\t\t<\/div>\r\n\t<\/div>\r\n\t\r\n\t\t\r\n \t\t\r\n\t<div id=\"ngg-image-88\" class=\"ngg-gallery-thumbnail-box\"  >\r\n\t\t<div class=\"ngg-gallery-thumbnail\" >\r\n\t\t\t<a href=\"http:\/\/www.evelyn-sommerhoff.de\/blog\/wp-content\/gallery\/motion-in-red\/20091214_076_640x509.jpg\" title=\"IM BRONZENEN K\u00c4FIG-BEWACHT VON WILDEN HUNDEN, Tusche auf Japan, 75x45, 2008\" class=\"thickbox\" rel=\"set_1\" >\r\n\t\t\t\t\t\t\t\t<img title=\"IM BRONZENEN K\u00c4FIG-BEWACHT VON WILDEN HUNDEN\" alt=\"IM BRONZENEN K\u00c4FIG-BEWACHT VON WILDEN HUNDEN\" src=\"http:\/\/www.evelyn-sommerhoff.de\/blog\/wp-content\/gallery\/motion-in-red\/thumbs\/thumbs_20091214_076_640x509.jpg\" width=\"100\" height=\"75\" \/>\r\n\t\t\t\t\t\t\t<\/a>\r\n\t\t<\/div>\r\n\t<\/div>\r\n\t\r\n\t\t\r\n \t\t\r\n\t<div id=\"ngg-image-104\" class=\"ngg-gallery-thumbnail-box\"  >\r\n\t\t<div class=\"ngg-gallery-thumbnail\" >\r\n\t\t\t<a href=\"http:\/\/www.evelyn-sommerhoff.de\/blog\/wp-content\/gallery\/motion-in-red\/image-1x.jpg\" title=\"PIETA, Grafit auf Karton, 21x15, 2000\" class=\"thickbox\" rel=\"set_1\" >\r\n\t\t\t\t\t\t\t\t<img title=\"PIETA\" alt=\"PIETA\" src=\"http:\/\/www.evelyn-sommerhoff.de\/blog\/wp-content\/gallery\/motion-in-red\/thumbs\/thumbs_image-1x.jpg\" width=\"100\" height=\"75\" \/>\r\n\t\t\t\t\t\t\t<\/a>\r\n\t\t<\/div>\r\n\t<\/div>\r\n\t\r\n\t\t\r\n \t\t\r\n\t<div id=\"ngg-image-106\" class=\"ngg-gallery-thumbnail-box\"  >\r\n\t\t<div class=\"ngg-gallery-thumbnail\" >\r\n\t\t\t<a href=\"http:\/\/www.evelyn-sommerhoff.de\/blog\/wp-content\/gallery\/motion-in-red\/image-2x.jpg\" title=\"EWIGER TANZ, Grafit auf Karton, 21x15cm, 2000\" class=\"thickbox\" rel=\"set_1\" >\r\n\t\t\t\t\t\t\t\t<img title=\"EWIGER TANZ\" alt=\"EWIGER TANZ\" src=\"http:\/\/www.evelyn-sommerhoff.de\/blog\/wp-content\/gallery\/motion-in-red\/thumbs\/thumbs_image-2x.jpg\" width=\"100\" height=\"75\" \/>\r\n\t\t\t\t\t\t\t<\/a>\r\n\t\t<\/div>\r\n\t<\/div>\r\n\t\r\n\t\t\r\n \t\t\r\n\t<div id=\"ngg-image-110\" class=\"ngg-gallery-thumbnail-box\"  >\r\n\t\t<div class=\"ngg-gallery-thumbnail\" >\r\n\t\t\t<a href=\"http:\/\/www.evelyn-sommerhoff.de\/blog\/wp-content\/gallery\/motion-in-red\/image.jpg\" title=\"UND DIE ERDE VERDUNKELTE SICH, Aquarell auf Karton, 21x15cm, 2000\" class=\"thickbox\" rel=\"set_1\" >\r\n\t\t\t\t\t\t\t\t<img title=\"UND DIE ERDE VERDUNKELTE SICH\" alt=\"UND DIE ERDE VERDUNKELTE SICH\" src=\"http:\/\/www.evelyn-sommerhoff.de\/blog\/wp-content\/gallery\/motion-in-red\/thumbs\/thumbs_image.jpg\" width=\"100\" height=\"75\" \/>\r\n\t\t\t\t\t\t\t<\/a>\r\n\t\t<\/div>\r\n\t<\/div>\r\n\t\r\n\t\t\r\n \t\t\r\n\t<div id=\"ngg-image-89\" class=\"ngg-gallery-thumbnail-box\"  >\r\n\t\t<div class=\"ngg-gallery-thumbnail\" >\r\n\t\t\t<a href=\"http:\/\/www.evelyn-sommerhoff.de\/blog\/wp-content\/gallery\/motion-in-red\/20091214_079_640x331.jpg\" title=\"ORLANDO UNTER DER EICHE-ALLER ANFANG, Tuschen auf Japan, 98x78, 2008\" class=\"thickbox\" rel=\"set_1\" >\r\n\t\t\t\t\t\t\t\t<img title=\"ORLANDO UNTER DER EICHE-ALLER ANFANG\" alt=\"ORLANDO UNTER DER EICHE-ALLER ANFANG\" src=\"http:\/\/www.evelyn-sommerhoff.de\/blog\/wp-content\/gallery\/motion-in-red\/thumbs\/thumbs_20091214_079_640x331.jpg\" width=\"100\" height=\"75\" \/>\r\n\t\t\t\t\t\t\t<\/a>\r\n\t\t<\/div>\r\n\t<\/div>\r\n\t\r\n\t\t\r\n \t\t\r\n\t<div id=\"ngg-image-86\" class=\"ngg-gallery-thumbnail-box\"  >\r\n\t\t<div class=\"ngg-gallery-thumbnail\" >\r\n\t\t\t<a href=\"http:\/\/www.evelyn-sommerhoff.de\/blog\/wp-content\/gallery\/motion-in-red\/20091214_071_640x604.jpg\" title=\"ATLAS, Tuschen auf Japan, 95x80, 2009\" class=\"thickbox\" rel=\"set_1\" >\r\n\t\t\t\t\t\t\t\t<img title=\"ATLAS\" alt=\"ATLAS\" src=\"http:\/\/www.evelyn-sommerhoff.de\/blog\/wp-content\/gallery\/motion-in-red\/thumbs\/thumbs_20091214_071_640x604.jpg\" width=\"100\" height=\"75\" \/>\r\n\t\t\t\t\t\t\t<\/a>\r\n\t\t<\/div>\r\n\t<\/div>\r\n\t\r\n\t\t\r\n \t\t\r\n\t<div id=\"ngg-image-82\" class=\"ngg-gallery-thumbnail-box\"  >\r\n\t\t<div class=\"ngg-gallery-thumbnail\" >\r\n\t\t\t<a href=\"http:\/\/www.evelyn-sommerhoff.de\/blog\/wp-content\/gallery\/motion-in-red\/20091214_058_600x456.jpg\" title=\"DANAE II, Tuschen auf Pergament auf Leinwand, 100x80cm, 2009\" class=\"thickbox\" rel=\"set_1\" >\r\n\t\t\t\t\t\t\t\t<img title=\"DANAE II\" alt=\"DANAE II\" src=\"http:\/\/www.evelyn-sommerhoff.de\/blog\/wp-content\/gallery\/motion-in-red\/thumbs\/thumbs_20091214_058_600x456.jpg\" width=\"100\" height=\"75\" \/>\r\n\t\t\t\t\t\t\t<\/a>\r\n\t\t<\/div>\r\n\t<\/div>\r\n\t\r\n\t\t\r\n \t\t\r\n\t<div id=\"ngg-image-115\" class=\"ngg-gallery-thumbnail-box\"  >\r\n\t\t<div class=\"ngg-gallery-thumbnail\" >\r\n\t\t\t<a href=\"http:\/\/www.evelyn-sommerhoff.de\/blog\/wp-content\/gallery\/motion-in-red\/lots-frau-ii.jpg\" title=\"LOTS FRAU, Tusche auf Japan, 35x40cm, 2008\" class=\"thickbox\" rel=\"set_1\" >\r\n\t\t\t\t\t\t\t\t<img title=\"LOTS FRAU\" alt=\"LOTS FRAU\" src=\"http:\/\/www.evelyn-sommerhoff.de\/blog\/wp-content\/gallery\/motion-in-red\/thumbs\/thumbs_lots-frau-ii.jpg\" width=\"100\" height=\"75\" \/>\r\n\t\t\t\t\t\t\t<\/a>\r\n\t\t<\/div>\r\n\t<\/div>\r\n\t\r\n\t\t\r\n \t\t\r\n\t<div id=\"ngg-image-122\" class=\"ngg-gallery-thumbnail-box\"  >\r\n\t\t<div class=\"ngg-gallery-thumbnail\" >\r\n\t\t\t<a href=\"http:\/\/www.evelyn-sommerhoff.de\/blog\/wp-content\/gallery\/motion-in-red\/tiefer.jpg\" title=\"TIEFER-OPUS DEI, Tuschen\/Grafit auf Pergament, 42x32, 2008\" class=\"thickbox\" rel=\"set_1\" >\r\n\t\t\t\t\t\t\t\t<img title=\"TIEFER-OPUS DEI\" alt=\"TIEFER-OPUS DEI\" src=\"http:\/\/www.evelyn-sommerhoff.de\/blog\/wp-content\/gallery\/motion-in-red\/thumbs\/thumbs_tiefer.jpg\" width=\"100\" height=\"75\" \/>\r\n\t\t\t\t\t\t\t<\/a>\r\n\t\t<\/div>\r\n\t<\/div>\r\n\t\r\n\t\t\r\n \t\t\r\n\t<div id=\"ngg-image-123\" class=\"ngg-gallery-thumbnail-box\"  >\r\n\t\t<div class=\"ngg-gallery-thumbnail\" >\r\n\t\t\t<a href=\"http:\/\/www.evelyn-sommerhoff.de\/blog\/wp-content\/gallery\/motion-in-red\/translucent-i.jpg\" title=\"DAME IN ROT, Tusche auf Pergament, 42x32cm, 2008\" class=\"thickbox\" rel=\"set_1\" >\r\n\t\t\t\t\t\t\t\t<img title=\"DAME IN ROT\" alt=\"DAME IN ROT\" src=\"http:\/\/www.evelyn-sommerhoff.de\/blog\/wp-content\/gallery\/motion-in-red\/thumbs\/thumbs_translucent-i.jpg\" width=\"100\" height=\"75\" \/>\r\n\t\t\t\t\t\t\t<\/a>\r\n\t\t<\/div>\r\n\t<\/div>\r\n\t\r\n\t\t\r\n \t\t\r\n\t<div id=\"ngg-image-124\" class=\"ngg-gallery-thumbnail-box\"  >\r\n\t\t<div class=\"ngg-gallery-thumbnail\" >\r\n\t\t\t<a href=\"http:\/\/www.evelyn-sommerhoff.de\/blog\/wp-content\/gallery\/motion-in-red\/translucent-ii.jpg\" title=\"ROSSHAAR, Tusche auf Pergament, 42x32, 2008\" class=\"thickbox\" rel=\"set_1\" >\r\n\t\t\t\t\t\t\t\t<img title=\"ROSSHAAR\" alt=\"ROSSHAAR\" src=\"http:\/\/www.evelyn-sommerhoff.de\/blog\/wp-content\/gallery\/motion-in-red\/thumbs\/thumbs_translucent-ii.jpg\" width=\"100\" height=\"75\" \/>\r\n\t\t\t\t\t\t\t<\/a>\r\n\t\t<\/div>\r\n\t<\/div>\r\n\t\r\n\t\t\r\n \t\t\r\n\t<div id=\"ngg-image-125\" class=\"ngg-gallery-thumbnail-box\"  >\r\n\t\t<div class=\"ngg-gallery-thumbnail\" >\r\n\t\t\t<a href=\"http:\/\/www.evelyn-sommerhoff.de\/blog\/wp-content\/gallery\/motion-in-red\/translucent-iii.jpg\" title=\"translucent,Tuschen auf Pergament, 42x32, 2008\" class=\"thickbox\" rel=\"set_1\" >\r\n\t\t\t\t\t\t\t\t<img title=\"translucent\" alt=\"translucent\" src=\"http:\/\/www.evelyn-sommerhoff.de\/blog\/wp-content\/gallery\/motion-in-red\/thumbs\/thumbs_translucent-iii.jpg\" width=\"100\" height=\"75\" \/>\r\n\t\t\t\t\t\t\t<\/a>\r\n\t\t<\/div>\r\n\t<\/div>\r\n\t\r\n\t\t\r\n \t\t\r\n\t<div id=\"ngg-image-126\" class=\"ngg-gallery-thumbnail-box\"  >\r\n\t\t<div class=\"ngg-gallery-thumbnail\" >\r\n\t\t\t<a href=\"http:\/\/www.evelyn-sommerhoff.de\/blog\/wp-content\/gallery\/motion-in-red\/translucent-iv.jpg\" title=\"translucent I,Tuschen auf Pergament, 42x32, 2008\" class=\"thickbox\" rel=\"set_1\" >\r\n\t\t\t\t\t\t\t\t<img title=\"translucent I\" alt=\"translucent I\" src=\"http:\/\/www.evelyn-sommerhoff.de\/blog\/wp-content\/gallery\/motion-in-red\/thumbs\/thumbs_translucent-iv.jpg\" width=\"100\" height=\"75\" \/>\r\n\t\t\t\t\t\t\t<\/a>\r\n\t\t<\/div>\r\n\t<\/div>\r\n\t\r\n\t\t\r\n \t\t\r\n\t<div id=\"ngg-image-6\" class=\"ngg-gallery-thumbnail-box\"  >\r\n\t\t<div class=\"ngg-gallery-thumbnail\" >\r\n\t\t\t<a href=\"http:\/\/www.evelyn-sommerhoff.de\/blog\/wp-content\/gallery\/motion-in-red\/20091214_016_600x309.jpg\" title=\"WEISSFUCHS (aus orlando) Tuschen, Grafit, \u00d6lfarbe auf Pergament, collagiert auf Leinwand, 105x200cm, 2009\" class=\"thickbox\" rel=\"set_1\" >\r\n\t\t\t\t\t\t\t\t<img title=\"WEISSFUCHS\" alt=\"WEISSFUCHS\" src=\"http:\/\/www.evelyn-sommerhoff.de\/blog\/wp-content\/gallery\/motion-in-red\/thumbs\/thumbs_20091214_016_600x309.jpg\" width=\"100\" height=\"75\" \/>\r\n\t\t\t\t\t\t\t<\/a>\r\n\t\t<\/div>\r\n\t<\/div>\r\n\t\r\n\t\t\r\n \t\t\r\n\t<div id=\"ngg-image-93\" class=\"ngg-gallery-thumbnail-box\"  >\r\n\t\t<div class=\"ngg-gallery-thumbnail\" >\r\n\t\t\t<a href=\"http:\/\/www.evelyn-sommerhoff.de\/blog\/wp-content\/gallery\/motion-in-red\/20091214_085_640x512.jpg\" title=\"ORLANDO, Tuschen auf Japan, 98x78, 2008\" class=\"thickbox\" rel=\"set_1\" >\r\n\t\t\t\t\t\t\t\t<img title=\"ORLANDO\" alt=\"ORLANDO\" src=\"http:\/\/www.evelyn-sommerhoff.de\/blog\/wp-content\/gallery\/motion-in-red\/thumbs\/thumbs_20091214_085_640x512.jpg\" width=\"100\" height=\"75\" \/>\r\n\t\t\t\t\t\t\t<\/a>\r\n\t\t<\/div>\r\n\t<\/div>\r\n\t\r\n\t\t\r\n \t\t\r\n\t<div id=\"ngg-image-98\" class=\"ngg-gallery-thumbnail-box\"  >\r\n\t\t<div class=\"ngg-gallery-thumbnail\" >\r\n\t\t\t<a href=\"http:\/\/www.evelyn-sommerhoff.de\/blog\/wp-content\/gallery\/motion-in-red\/20091214_096_640x506.jpg\" title=\"GLUT, Tusche auf Japan, 68x48, 2009\" class=\"thickbox\" rel=\"set_1\" >\r\n\t\t\t\t\t\t\t\t<img title=\"Glut\" alt=\"Glut\" src=\"http:\/\/www.evelyn-sommerhoff.de\/blog\/wp-content\/gallery\/motion-in-red\/thumbs\/thumbs_20091214_096_640x506.jpg\" width=\"100\" height=\"75\" \/>\r\n\t\t\t\t\t\t\t<\/a>\r\n\t\t<\/div>\r\n\t<\/div>\r\n\t\r\n\t\t\r\n \t\t\r\n\t<div id=\"ngg-image-97\" class=\"ngg-gallery-thumbnail-box\"  >\r\n\t\t<div class=\"ngg-gallery-thumbnail\" >\r\n\t\t\t<a href=\"http:\/\/www.evelyn-sommerhoff.de\/blog\/wp-content\/gallery\/motion-in-red\/20091214_094_640x488.jpg\" title=\"KAIN UND ABEL II Tusche auf Japan, 68x48, 2009,\" class=\"thickbox\" rel=\"set_1\" >\r\n\t\t\t\t\t\t\t\t<img title=\"KAIN UND ABEL II\" alt=\"KAIN UND ABEL II\" src=\"http:\/\/www.evelyn-sommerhoff.de\/blog\/wp-content\/gallery\/motion-in-red\/thumbs\/thumbs_20091214_094_640x488.jpg\" width=\"100\" height=\"75\" \/>\r\n\t\t\t\t\t\t\t<\/a>\r\n\t\t<\/div>\r\n\t<\/div>\r\n\t\r\n\t\t\r\n \t\t\r\n\t<div id=\"ngg-image-96\" class=\"ngg-gallery-thumbnail-box\"  >\r\n\t\t<div class=\"ngg-gallery-thumbnail\" >\r\n\t\t\t<a href=\"http:\/\/www.evelyn-sommerhoff.de\/blog\/wp-content\/gallery\/motion-in-red\/20091214_091_640x510.jpg\" title=\"KAIN UND ABEL, Tusche auf Japan, 68x48, 2009\" class=\"thickbox\" rel=\"set_1\" >\r\n\t\t\t\t\t\t\t\t<img title=\"KAIN UND ABEL\" alt=\"KAIN UND ABEL\" src=\"http:\/\/www.evelyn-sommerhoff.de\/blog\/wp-content\/gallery\/motion-in-red\/thumbs\/thumbs_20091214_091_640x510.jpg\" width=\"100\" height=\"75\" \/>\r\n\t\t\t\t\t\t\t<\/a>\r\n\t\t<\/div>\r\n\t<\/div>\r\n\t\r\n\t\t\r\n \t\t\r\n\t<div id=\"ngg-image-92\" class=\"ngg-gallery-thumbnail-box\"  >\r\n\t\t<div class=\"ngg-gallery-thumbnail\" >\r\n\t\t\t<a href=\"http:\/\/www.evelyn-sommerhoff.de\/blog\/wp-content\/gallery\/motion-in-red\/20091214_083_640x506.jpg\" title=\"ISIS II, Tuschen auf Japan, 98x78cm, 2008\" class=\"thickbox\" rel=\"set_1\" >\r\n\t\t\t\t\t\t\t\t<img title=\"ISIS\" alt=\"ISIS\" src=\"http:\/\/www.evelyn-sommerhoff.de\/blog\/wp-content\/gallery\/motion-in-red\/thumbs\/thumbs_20091214_083_640x506.jpg\" width=\"100\" height=\"75\" \/>\r\n\t\t\t\t\t\t\t<\/a>\r\n\t\t<\/div>\r\n\t<\/div>\r\n\t\r\n\t\t\r\n \t\t\r\n\t<div id=\"ngg-image-90\" class=\"ngg-gallery-thumbnail-box\"  >\r\n\t\t<div class=\"ngg-gallery-thumbnail\" >\r\n\t\t\t<a href=\"http:\/\/www.evelyn-sommerhoff.de\/blog\/wp-content\/gallery\/motion-in-red\/20091214_080_640x325.jpg\" title=\"DANAE III, Tuschen auf Japan, 150x70cm, 2009\" class=\"thickbox\" rel=\"set_1\" >\r\n\t\t\t\t\t\t\t\t<img title=\"DANAE III\" alt=\"DANAE III\" src=\"http:\/\/www.evelyn-sommerhoff.de\/blog\/wp-content\/gallery\/motion-in-red\/thumbs\/thumbs_20091214_080_640x325.jpg\" width=\"100\" height=\"75\" \/>\r\n\t\t\t\t\t\t\t<\/a>\r\n\t\t<\/div>\r\n\t<\/div>\r\n\t\r\n\t\t\r\n \t\t\r\n\t<div id=\"ngg-image-87\" class=\"ngg-gallery-thumbnail-box\"  >\r\n\t\t<div class=\"ngg-gallery-thumbnail\" >\r\n\t\t\t<a href=\"http:\/\/www.evelyn-sommerhoff.de\/blog\/wp-content\/gallery\/motion-in-red\/20091214_074_640x625.jpg\" title=\"LILITH GEBIERT D\u00c4MONEN, Tusche auf Japan, 100x100, 2009\" class=\"thickbox\" rel=\"set_1\" >\r\n\t\t\t\t\t\t\t\t<img title=\"LILITH GEBIERT\" alt=\"LILITH GEBIERT\" src=\"http:\/\/www.evelyn-sommerhoff.de\/blog\/wp-content\/gallery\/motion-in-red\/thumbs\/thumbs_20091214_074_640x625.jpg\" width=\"100\" height=\"75\" \/>\r\n\t\t\t\t\t\t\t<\/a>\r\n\t\t<\/div>\r\n\t<\/div>\r\n\t\r\n\t\t\r\n \t\t\r\n\t<div id=\"ngg-image-95\" class=\"ngg-gallery-thumbnail-box\"  >\r\n\t\t<div class=\"ngg-gallery-thumbnail\" >\r\n\t\t\t<a href=\"http:\/\/www.evelyn-sommerhoff.de\/blog\/wp-content\/gallery\/motion-in-red\/20091214_089_640x541.jpg\" title=\"ENTKLEIDUNG DER BRAUT, Tuschen, auf Japan, 98x78cm, 2009\" class=\"thickbox\" rel=\"set_1\" >\r\n\t\t\t\t\t\t\t\t<img title=\"ENTKLEIDUNG DER BRAUT\" alt=\"ENTKLEIDUNG DER BRAUT\" src=\"http:\/\/www.evelyn-sommerhoff.de\/blog\/wp-content\/gallery\/motion-in-red\/thumbs\/thumbs_20091214_089_640x541.jpg\" width=\"100\" height=\"75\" \/>\r\n\t\t\t\t\t\t\t<\/a>\r\n\t\t<\/div>\r\n\t<\/div>\r\n\t\r\n\t\t\r\n \t\t\r\n\t<div id=\"ngg-image-85\" class=\"ngg-gallery-thumbnail-box\"  >\r\n\t\t<div class=\"ngg-gallery-thumbnail\" >\r\n\t\t\t<a href=\"http:\/\/www.evelyn-sommerhoff.de\/blog\/wp-content\/gallery\/motion-in-red\/20091214_070_640x341.jpg\" title=\"IN MOTION XXI, Tuschen, Grafit auf Karton, 150x80cm, 2009\" class=\"thickbox\" rel=\"set_1\" >\r\n\t\t\t\t\t\t\t\t<img title=\"NIN MOTION XXI\" alt=\"NIN MOTION XXI\" src=\"http:\/\/www.evelyn-sommerhoff.de\/blog\/wp-content\/gallery\/motion-in-red\/thumbs\/thumbs_20091214_070_640x341.jpg\" width=\"100\" height=\"75\" \/>\r\n\t\t\t\t\t\t\t<\/a>\r\n\t\t<\/div>\r\n\t<\/div>\r\n\t\r\n\t\t\r\n \t\t\r\n\t<div id=\"ngg-image-114\" class=\"ngg-gallery-thumbnail-box\"  >\r\n\t\t<div class=\"ngg-gallery-thumbnail\" >\r\n\t\t\t<a href=\"http:\/\/www.evelyn-sommerhoff.de\/blog\/wp-content\/gallery\/motion-in-red\/kleine-reiterei-veni-vidi-da-vinci.jpg\" title=\"KLEINE REITEREI-VENI VIDI DA VINCI, \u00d6l auf Leinwand, 125x150cm, 2008\" class=\"thickbox\" rel=\"set_1\" >\r\n\t\t\t\t\t\t\t\t<img title=\"KLEINE REITEREI-VENI VIDI DA VINCI\" alt=\"KLEINE REITEREI-VENI VIDI DA VINCI\" src=\"http:\/\/www.evelyn-sommerhoff.de\/blog\/wp-content\/gallery\/motion-in-red\/thumbs\/thumbs_kleine-reiterei-veni-vidi-da-vinci.jpg\" width=\"88\" height=\"75\" \/>\r\n\t\t\t\t\t\t\t<\/a>\r\n\t\t<\/div>\r\n\t<\/div>\r\n\t\r\n\t\t\r\n \t\t\r\n\t<div id=\"ngg-image-1\" class=\"ngg-gallery-thumbnail-box\"  >\r\n\t\t<div class=\"ngg-gallery-thumbnail\" >\r\n\t\t\t<a href=\"http:\/\/www.evelyn-sommerhoff.de\/blog\/wp-content\/gallery\/motion-in-red\/20091214_010_600x384.jpg\" title=\"DANAE III, Eitempera, \u00d6lfarbe auf Leinwand,110x180cm, 2008\" class=\"thickbox\" rel=\"set_1\" >\r\n\t\t\t\t\t\t\t\t<img title=\"DANAE III\" alt=\"DANAE III\" src=\"http:\/\/www.evelyn-sommerhoff.de\/blog\/wp-content\/gallery\/motion-in-red\/thumbs\/thumbs_20091214_010_600x384.jpg\" width=\"100\" height=\"75\" \/>\r\n\t\t\t\t\t\t\t<\/a>\r\n\t\t<\/div>\r\n\t<\/div>\r\n\t\r\n\t\t\r\n \t\t\r\n\t<div id=\"ngg-image-24\" class=\"ngg-gallery-thumbnail-box\"  >\r\n\t\t<div class=\"ngg-gallery-thumbnail\" >\r\n\t\t\t<a href=\"http:\/\/www.evelyn-sommerhoff.de\/blog\/wp-content\/gallery\/motion-in-red\/mg_0102-web_.jpg\" title=\"FATA MORGANA, \u00d6l auf Leinwand 125x115cm, 2006\" class=\"thickbox\" rel=\"set_1\" >\r\n\t\t\t\t\t\t\t\t<img title=\"FATA MORGANA\" alt=\"FATA MORGANA\" src=\"http:\/\/www.evelyn-sommerhoff.de\/blog\/wp-content\/gallery\/motion-in-red\/thumbs\/thumbs_mg_0102-web_.jpg\" width=\"100\" height=\"75\" \/>\r\n\t\t\t\t\t\t\t<\/a>\r\n\t\t<\/div>\r\n\t<\/div>\r\n\t\r\n\t\t\r\n \t\t\r\n\t<div id=\"ngg-image-2\" class=\"ngg-gallery-thumbnail-box\"  >\r\n\t\t<div class=\"ngg-gallery-thumbnail\" >\r\n\t\t\t<a href=\"http:\/\/www.evelyn-sommerhoff.de\/blog\/wp-content\/gallery\/motion-in-red\/20091214_019_600x332.jpg\" title=\"Passion III, Eitempera auf Leinwand, 80x150cm, 2006\" class=\"thickbox\" rel=\"set_1\" >\r\n\t\t\t\t\t\t\t\t<img title=\"PASSION III\" alt=\"PASSION III\" src=\"http:\/\/www.evelyn-sommerhoff.de\/blog\/wp-content\/gallery\/motion-in-red\/thumbs\/thumbs_20091214_019_600x332.jpg\" width=\"100\" height=\"75\" \/>\r\n\t\t\t\t\t\t\t<\/a>\r\n\t\t<\/div>\r\n\t<\/div>\r\n\t\r\n\t\t\r\n \t\t\r\n\t<div id=\"ngg-image-75\" class=\"ngg-gallery-thumbnail-box\"  >\r\n\t\t<div class=\"ngg-gallery-thumbnail\" >\r\n\t\t\t<a href=\"http:\/\/www.evelyn-sommerhoff.de\/blog\/wp-content\/gallery\/motion-in-red\/20091214_056_600x393.jpg\" title=\"KOKETTERIE, Eitempera, Tuschen auf Leinwand, 100x120cm, 2007\" class=\"thickbox\" rel=\"set_1\" >\r\n\t\t\t\t\t\t\t\t<img title=\"KOKETTERIE\" alt=\"KOKETTERIE\" src=\"http:\/\/www.evelyn-sommerhoff.de\/blog\/wp-content\/gallery\/motion-in-red\/thumbs\/thumbs_20091214_056_600x393.jpg\" width=\"100\" height=\"75\" \/>\r\n\t\t\t\t\t\t\t<\/a>\r\n\t\t<\/div>\r\n\t<\/div>\r\n\t\r\n\t\t\r\n \t\t\r\n\t<div id=\"ngg-image-8\" class=\"ngg-gallery-thumbnail-box\"  >\r\n\t\t<div class=\"ngg-gallery-thumbnail\" >\r\n\t\t\t<a href=\"http:\/\/www.evelyn-sommerhoff.de\/blog\/wp-content\/gallery\/motion-in-red\/20091214_027_600x329.jpg\" title=\"CARNAVAL BIZARRE II; Eitempera, Tuschen auf Leinwand, 150x80cm, 2007\" class=\"thickbox\" rel=\"set_1\" >\r\n\t\t\t\t\t\t\t\t<img title=\"CARNEVAL BIZARRE II\" alt=\"CARNEVAL BIZARRE II\" src=\"http:\/\/www.evelyn-sommerhoff.de\/blog\/wp-content\/gallery\/motion-in-red\/thumbs\/thumbs_20091214_027_600x329.jpg\" width=\"100\" height=\"75\" \/>\r\n\t\t\t\t\t\t\t<\/a>\r\n\t\t<\/div>\r\n\t<\/div>\r\n\t\r\n\t\t\r\n \t\t\r\n\t<div id=\"ngg-image-9\" class=\"ngg-gallery-thumbnail-box\"  >\r\n\t\t<div class=\"ngg-gallery-thumbnail\" >\r\n\t\t\t<a href=\"http:\/\/www.evelyn-sommerhoff.de\/blog\/wp-content\/gallery\/motion-in-red\/20091214_029_600x524.jpg\" title=\"DREH DICH NICHT UM _ LOT Eitempera, \u00d6lpastell auf Leinwand, 105x120cm, 2007 \" class=\"thickbox\" rel=\"set_1\" >\r\n\t\t\t\t\t\t\t\t<img title=\"DREH DICH NICHT UM - LOT\" alt=\"DREH DICH NICHT UM - LOT\" src=\"http:\/\/www.evelyn-sommerhoff.de\/blog\/wp-content\/gallery\/motion-in-red\/thumbs\/thumbs_20091214_029_600x524.jpg\" width=\"85\" height=\"75\" \/>\r\n\t\t\t\t\t\t\t<\/a>\r\n\t\t<\/div>\r\n\t<\/div>\r\n\t\r\n\t\t\r\n \t\t\r\n\t<div id=\"ngg-image-10\" class=\"ngg-gallery-thumbnail-box\"  >\r\n\t\t<div class=\"ngg-gallery-thumbnail\" >\r\n\t\t\t<a href=\"http:\/\/www.evelyn-sommerhoff.de\/blog\/wp-content\/gallery\/motion-in-red\/20091214_033_600x405.jpg\" title=\"WIPPE, Eitempera,Tuschen auf Leinwand, 105x120cm, 2007 \" class=\"thickbox\" rel=\"set_1\" >\r\n\t\t\t\t\t\t\t\t<img title=\"WIPPE\" alt=\"WIPPE\" src=\"http:\/\/www.evelyn-sommerhoff.de\/blog\/wp-content\/gallery\/motion-in-red\/thumbs\/thumbs_20091214_033_600x405.jpg\" width=\"100\" height=\"75\" \/>\r\n\t\t\t\t\t\t\t<\/a>\r\n\t\t<\/div>\r\n\t<\/div>\r\n\t\r\n\t\t\r\n \t\t\r\n\t<div id=\"ngg-image-73\" class=\"ngg-gallery-thumbnail-box\"  >\r\n\t\t<div class=\"ngg-gallery-thumbnail\" >\r\n\t\t\t<a href=\"http:\/\/www.evelyn-sommerhoff.de\/blog\/wp-content\/gallery\/motion-in-red\/20091214_051_600x518.jpg\" title=\"ISIS, Eitempera auf Leinwand, 105x120cm, 2007\" class=\"thickbox\" rel=\"set_1\" >\r\n\t\t\t\t\t\t\t\t<img title=\"ISIS\" alt=\"ISIS\" src=\"http:\/\/www.evelyn-sommerhoff.de\/blog\/wp-content\/gallery\/motion-in-red\/thumbs\/thumbs_20091214_051_600x518.jpg\" width=\"86\" height=\"75\" \/>\r\n\t\t\t\t\t\t\t<\/a>\r\n\t\t<\/div>\r\n\t<\/div>\r\n\t\r\n\t\t\r\n \t\t\r\n\t<div id=\"ngg-image-74\" class=\"ngg-gallery-thumbnail-box\"  >\r\n\t\t<div class=\"ngg-gallery-thumbnail\" >\r\n\t\t\t<a href=\"http:\/\/www.evelyn-sommerhoff.de\/blog\/wp-content\/gallery\/motion-in-red\/20091214_053_600x501.jpg\" title=\"PAAR III, Eitempera auf Leinwand, 105x120cm, 2006\" class=\"thickbox\" rel=\"set_1\" >\r\n\t\t\t\t\t\t\t\t<img title=\"PAAR III\" alt=\"PAAR III\" src=\"http:\/\/www.evelyn-sommerhoff.de\/blog\/wp-content\/gallery\/motion-in-red\/thumbs\/thumbs_20091214_053_600x501.jpg\" width=\"89\" height=\"75\" \/>\r\n\t\t\t\t\t\t\t<\/a>\r\n\t\t<\/div>\r\n\t<\/div>\r\n\t\r\n\t\t\r\n \t\t\r\n\t<div id=\"ngg-image-34\" class=\"ngg-gallery-thumbnail-box\"  >\r\n\t\t<div class=\"ngg-gallery-thumbnail\" >\r\n\t\t\t<a href=\"http:\/\/www.evelyn-sommerhoff.de\/blog\/wp-content\/gallery\/motion-in-red\/salome_monolog_i-web_.jpg\" title=\"Salome Monolog, aus Reihe Monotypien, 42x29cm, 2000\" class=\"thickbox\" rel=\"set_1\" >\r\n\t\t\t\t\t\t\t\t<img title=\"Salome Monolog\" alt=\"Salome Monolog\" src=\"http:\/\/www.evelyn-sommerhoff.de\/blog\/wp-content\/gallery\/motion-in-red\/thumbs\/thumbs_salome_monolog_i-web_.jpg\" width=\"100\" height=\"75\" \/>\r\n\t\t\t\t\t\t\t<\/a>\r\n\t\t<\/div>\r\n\t<\/div>\r\n\t\r\n\t\t\r\n \t\t\r\n\t<div id=\"ngg-image-35\" class=\"ngg-gallery-thumbnail-box\"  >\r\n\t\t<div class=\"ngg-gallery-thumbnail\" >\r\n\t\t\t<a href=\"http:\/\/www.evelyn-sommerhoff.de\/blog\/wp-content\/gallery\/motion-in-red\/salome_monolog_ii-web_.jpg\" title=\"aus Salome Monolog\" class=\"thickbox\" rel=\"set_1\" >\r\n\t\t\t\t\t\t\t\t<img title=\"Salome Monolog II\" alt=\"Salome Monolog II\" src=\"http:\/\/www.evelyn-sommerhoff.de\/blog\/wp-content\/gallery\/motion-in-red\/thumbs\/thumbs_salome_monolog_ii-web_.jpg\" width=\"100\" height=\"75\" \/>\r\n\t\t\t\t\t\t\t<\/a>\r\n\t\t<\/div>\r\n\t<\/div>\r\n\t\r\n\t\t\r\n \t \t\r\n\t<!-- Pagination -->\r\n \t<div class=\"ngg-clear\">&nbsp;<\/div> \t\r\n<\/div>\r\n\r\n<\/p>\n<p>FIGURINEN<\/p>\n<div class=\"flex max-w-full flex-col flex-grow\">\n<div class=\"min-h-8 text-message flex w-full flex-col items-end gap-2 whitespace-normal break-words [.text-message+&amp;]:mt-5\" dir=\"auto\" data-message-author-role=\"assistant\" data-message-id=\"39e00737-039f-4f1a-97fa-8ef2cec44d16\" data-message-model-slug=\"gpt-4o-mini\">\n<div class=\"flex w-full flex-col gap-1 empty:hidden first:pt-[3px]\">\n<div class=\"markdown prose w-full break-words dark:prose-invert light\">\n<p>Evelyn Sommerhoff pr\u00e4sentiert einen Ausschnitt aus ihrer Serie <em>Figurinen<\/em>, die sie seit 1997 bis heute besch\u00e4ftigt. Diese Serie ist eng verbunden mit ihrer kontinuierlichen Auseinandersetzung mit dem Thema K\u00f6rper und den vielf\u00e4ltigen Perspektiven, die sich bei seiner Betrachtung er\u00f6ffnen.<\/p>\n<p>Die lebensgro\u00dfen Silhouetten auf Pergament illustrieren K\u00f6rperzust\u00e4nde wie Energieschwingungen, Abgrenzungen, Verletzungen, Bewegungen, Zeichnungen und Begegnungen \u2013 allesamt Ausdruck von K\u00f6rpererfahrungen, die sich uns t\u00e4glich in st\u00e4ndiger Ver\u00e4nderung je nach Befindlichkeit pr\u00e4sentieren.<\/p>\n<p>Von der fast realistischen Darstellung bis hin zur abstrakten Reduktion auf das Wesentliche jedes Spannungszustandes fordert die K\u00fcnstlerin den Betrachter heraus: zum Dialog, zur Reflexion und m\u00f6glicherweise zur Kommunikation mit dem lebensgro\u00dfen Abbild gegen\u00fcber.<\/p>\n<\/div>\n<\/div>\n<\/div>\n<\/div>\n<div class=\"mb-2 flex gap-3 empty:hidden -ml-2\">\n<div class=\"items-center justify-start rounded-xl p-1 flex\">\n<div class=\"flex items-center\"><\/div>\n<\/div>\n<\/div>\n\r\n<div class=\"ngg-galleryoverview\" id=\"ngg-gallery-2-55\">\r\n\r\n\r\n\t\r\n\t<!-- Thumbnails -->\r\n\t\t\r\n\t<div id=\"ngg-image-14\" class=\"ngg-gallery-thumbnail-box\"  >\r\n\t\t<div class=\"ngg-gallery-thumbnail\" >\r\n\t\t\t<a href=\"http:\/\/www.evelyn-sommerhoff.de\/blog\/wp-content\/gallery\/figurinen\/figurinen00-web_.jpg\" title=\"Serie Figurinen, Tuschen auf Pergament, jeweils 190x100cm\" class=\"thickbox\" rel=\"set_2\" >\r\n\t\t\t\t\t\t\t\t<img title=\"Figurinen\" alt=\"Figurinen\" src=\"http:\/\/www.evelyn-sommerhoff.de\/blog\/wp-content\/gallery\/figurinen\/thumbs\/thumbs_figurinen00-web_.jpg\" width=\"100\" height=\"75\" \/>\r\n\t\t\t\t\t\t\t<\/a>\r\n\t\t<\/div>\r\n\t<\/div>\r\n\t\r\n\t\t\r\n \t\t\r\n\t<div id=\"ngg-image-15\" class=\"ngg-gallery-thumbnail-box\"  >\r\n\t\t<div class=\"ngg-gallery-thumbnail\" >\r\n\t\t\t<a href=\"http:\/\/www.evelyn-sommerhoff.de\/blog\/wp-content\/gallery\/figurinen\/figurinen100x70-web_.jpg\" title=\"Paar, Tuschen, Grafit auf Karton, 100x70cm\" class=\"thickbox\" rel=\"set_2\" >\r\n\t\t\t\t\t\t\t\t<img title=\"Figurinen\" alt=\"Figurinen\" src=\"http:\/\/www.evelyn-sommerhoff.de\/blog\/wp-content\/gallery\/figurinen\/thumbs\/thumbs_figurinen100x70-web_.jpg\" width=\"100\" height=\"75\" \/>\r\n\t\t\t\t\t\t\t<\/a>\r\n\t\t<\/div>\r\n\t<\/div>\r\n\t\r\n\t\t\r\n \t\t\r\n\t<div id=\"ngg-image-13\" class=\"ngg-gallery-thumbnail-box\"  >\r\n\t\t<div class=\"ngg-gallery-thumbnail\" >\r\n\t\t\t<a href=\"http:\/\/www.evelyn-sommerhoff.de\/blog\/wp-content\/gallery\/figurinen\/figurinen-web_.jpg\" title=\"Figurine 3, Tusche auf Pergament, 190x100cm\" class=\"thickbox\" rel=\"set_2\" >\r\n\t\t\t\t\t\t\t\t<img title=\"Figurinen\" alt=\"Figurinen\" src=\"http:\/\/www.evelyn-sommerhoff.de\/blog\/wp-content\/gallery\/figurinen\/thumbs\/thumbs_figurinen-web_.jpg\" width=\"100\" height=\"75\" \/>\r\n\t\t\t\t\t\t\t<\/a>\r\n\t\t<\/div>\r\n\t<\/div>\r\n\t\r\n\t\t\r\n \t\t\r\n\t<div id=\"ngg-image-16\" class=\"ngg-gallery-thumbnail-box\"  >\r\n\t\t<div class=\"ngg-gallery-thumbnail\" >\r\n\t\t\t<a href=\"http:\/\/www.evelyn-sommerhoff.de\/blog\/wp-content\/gallery\/figurinen\/figurinen19-web_.jpg\" title=\"Spiele, \u00d6lfarbe auf Pergament, 190x100cm\" class=\"thickbox\" rel=\"set_2\" >\r\n\t\t\t\t\t\t\t\t<img title=\"Figurinen\" alt=\"Figurinen\" src=\"http:\/\/www.evelyn-sommerhoff.de\/blog\/wp-content\/gallery\/figurinen\/thumbs\/thumbs_figurinen19-web_.jpg\" width=\"100\" height=\"75\" \/>\r\n\t\t\t\t\t\t\t<\/a>\r\n\t\t<\/div>\r\n\t<\/div>\r\n\t\r\n\t\t\r\n \t\t\r\n\t<div id=\"ngg-image-17\" class=\"ngg-gallery-thumbnail-box\"  >\r\n\t\t<div class=\"ngg-gallery-thumbnail\" >\r\n\t\t\t<a href=\"http:\/\/www.evelyn-sommerhoff.de\/blog\/wp-content\/gallery\/figurinen\/figurinen10-web_.jpg\" title=\"Figurine 10, Tusche auf Pergament, 190x100cm\" class=\"thickbox\" rel=\"set_2\" >\r\n\t\t\t\t\t\t\t\t<img title=\"Figurinen\" alt=\"Figurinen\" src=\"http:\/\/www.evelyn-sommerhoff.de\/blog\/wp-content\/gallery\/figurinen\/thumbs\/thumbs_figurinen10-web_.jpg\" width=\"100\" height=\"75\" \/>\r\n\t\t\t\t\t\t\t<\/a>\r\n\t\t<\/div>\r\n\t<\/div>\r\n\t\r\n\t\t\r\n \t\t\r\n\t<div id=\"ngg-image-18\" class=\"ngg-gallery-thumbnail-box\"  >\r\n\t\t<div class=\"ngg-gallery-thumbnail\" >\r\n\t\t\t<a href=\"http:\/\/www.evelyn-sommerhoff.de\/blog\/wp-content\/gallery\/figurinen\/figurinen12-web_.jpg\" title=\"Figurine 12, Tusche auf Pergament, 190x100cm\" class=\"thickbox\" rel=\"set_2\" >\r\n\t\t\t\t\t\t\t\t<img title=\"Figurinen\" alt=\"Figurinen\" src=\"http:\/\/www.evelyn-sommerhoff.de\/blog\/wp-content\/gallery\/figurinen\/thumbs\/thumbs_figurinen12-web_.jpg\" width=\"100\" height=\"75\" \/>\r\n\t\t\t\t\t\t\t<\/a>\r\n\t\t<\/div>\r\n\t<\/div>\r\n\t\r\n\t\t\r\n \t\t\r\n\t<div id=\"ngg-image-19\" class=\"ngg-gallery-thumbnail-box\"  >\r\n\t\t<div class=\"ngg-gallery-thumbnail\" >\r\n\t\t\t<a href=\"http:\/\/www.evelyn-sommerhoff.de\/blog\/wp-content\/gallery\/figurinen\/figurinen15-web_.jpg\" title=\"Figurine 15, \u00d6lfarbe auf Pergament, 190x100cm\" class=\"thickbox\" rel=\"set_2\" >\r\n\t\t\t\t\t\t\t\t<img title=\"Figurinen\" alt=\"Figurinen\" src=\"http:\/\/www.evelyn-sommerhoff.de\/blog\/wp-content\/gallery\/figurinen\/thumbs\/thumbs_figurinen15-web_.jpg\" width=\"100\" height=\"75\" \/>\r\n\t\t\t\t\t\t\t<\/a>\r\n\t\t<\/div>\r\n\t<\/div>\r\n\t\r\n\t\t\r\n \t\t\r\n\t<div id=\"ngg-image-20\" class=\"ngg-gallery-thumbnail-box\"  >\r\n\t\t<div class=\"ngg-gallery-thumbnail\" >\r\n\t\t\t<a href=\"http:\/\/www.evelyn-sommerhoff.de\/blog\/wp-content\/gallery\/figurinen\/figurinen16-web_.jpg\" title=\"Figurine 16, Tusche auf Pergament, 190x100cm\" class=\"thickbox\" rel=\"set_2\" >\r\n\t\t\t\t\t\t\t\t<img title=\"Figurinen\" alt=\"Figurinen\" src=\"http:\/\/www.evelyn-sommerhoff.de\/blog\/wp-content\/gallery\/figurinen\/thumbs\/thumbs_figurinen16-web_.jpg\" width=\"100\" height=\"75\" \/>\r\n\t\t\t\t\t\t\t<\/a>\r\n\t\t<\/div>\r\n\t<\/div>\r\n\t\r\n\t\t\r\n \t\t\r\n\t<div id=\"ngg-image-21\" class=\"ngg-gallery-thumbnail-box\"  >\r\n\t\t<div class=\"ngg-gallery-thumbnail\" >\r\n\t\t\t<a href=\"http:\/\/www.evelyn-sommerhoff.de\/blog\/wp-content\/gallery\/figurinen\/figurinen17-web_.jpg\" title=\"Figurine 17, \u00d6lfarbe auf Pergament, 190x100\" class=\"thickbox\" rel=\"set_2\" >\r\n\t\t\t\t\t\t\t\t<img title=\"Figurinen\" alt=\"Figurinen\" src=\"http:\/\/www.evelyn-sommerhoff.de\/blog\/wp-content\/gallery\/figurinen\/thumbs\/thumbs_figurinen17-web_.jpg\" width=\"100\" height=\"75\" \/>\r\n\t\t\t\t\t\t\t<\/a>\r\n\t\t<\/div>\r\n\t<\/div>\r\n\t\r\n\t\t\r\n \t\t\r\n\t<div id=\"ngg-image-22\" class=\"ngg-gallery-thumbnail-box\"  >\r\n\t\t<div class=\"ngg-gallery-thumbnail\" >\r\n\t\t\t<a href=\"http:\/\/www.evelyn-sommerhoff.de\/blog\/wp-content\/gallery\/figurinen\/figurinen18-web_.jpg\" title=\"Figurine 18, Tusche auf Pergament, 190x100cm\" class=\"thickbox\" rel=\"set_2\" >\r\n\t\t\t\t\t\t\t\t<img title=\"Figurinen\" alt=\"Figurinen\" src=\"http:\/\/www.evelyn-sommerhoff.de\/blog\/wp-content\/gallery\/figurinen\/thumbs\/thumbs_figurinen18-web_.jpg\" width=\"100\" height=\"75\" \/>\r\n\t\t\t\t\t\t\t<\/a>\r\n\t\t<\/div>\r\n\t<\/div>\r\n\t\r\n\t\t\r\n \t\t\r\n\t<div id=\"ngg-image-23\" class=\"ngg-gallery-thumbnail-box\"  >\r\n\t\t<div class=\"ngg-gallery-thumbnail\" >\r\n\t\t\t<a href=\"http:\/\/www.evelyn-sommerhoff.de\/blog\/wp-content\/gallery\/figurinen\/figurinen2-web_.jpg\" title=\"Figurine 02, Tusche auf Pergament, 190x100cm\" class=\"thickbox\" rel=\"set_2\" >\r\n\t\t\t\t\t\t\t\t<img title=\"Figurinen\" alt=\"Figurinen\" src=\"http:\/\/www.evelyn-sommerhoff.de\/blog\/wp-content\/gallery\/figurinen\/thumbs\/thumbs_figurinen2-web_.jpg\" width=\"100\" height=\"75\" \/>\r\n\t\t\t\t\t\t\t<\/a>\r\n\t\t<\/div>\r\n\t<\/div>\r\n\t\r\n\t\t\r\n \t \t\r\n\t<!-- Pagination -->\r\n \t<div class=\"ngg-clear\">&nbsp;<\/div> \t\r\n<\/div>\r\n\r\n\n<p>K\u00d6RPER<br \/>\n\r\n<div class=\"ngg-galleryoverview\" id=\"ngg-gallery-3-55\">\r\n\r\n\r\n\t\r\n\t<!-- Thumbnails -->\r\n\t\t\r\n\t<div id=\"ngg-image-25\" class=\"ngg-gallery-thumbnail-box\"  >\r\n\t\t<div class=\"ngg-gallery-thumbnail\" >\r\n\t\t\t<a href=\"http:\/\/www.evelyn-sommerhoff.de\/blog\/wp-content\/gallery\/malerei-korper\/mg_0105-web_.jpg\" title=\"SALTO MORTALE - SODOM, Eitempera auf Leinwand, 80x150cm, 2006\" class=\"thickbox\" rel=\"set_3\" >\r\n\t\t\t\t\t\t\t\t<img title=\"SALTO MORTALE-SODOM\" alt=\"SALTO MORTALE-SODOM\" src=\"http:\/\/www.evelyn-sommerhoff.de\/blog\/wp-content\/gallery\/malerei-korper\/thumbs\/thumbs_mg_0105-web_.jpg\" width=\"100\" height=\"75\" \/>\r\n\t\t\t\t\t\t\t<\/a>\r\n\t\t<\/div>\r\n\t<\/div>\r\n\t\r\n\t\t\r\n \t\t\r\n\t<div id=\"ngg-image-27\" class=\"ngg-gallery-thumbnail-box\"  >\r\n\t\t<div class=\"ngg-gallery-thumbnail\" >\r\n\t\t\t<a href=\"http:\/\/www.evelyn-sommerhoff.de\/blog\/wp-content\/gallery\/malerei-korper\/bewegunggross-web_.jpg\" title=\"BEWEGUNG, Tempera auf Karton, 113x83cm, 2004\" class=\"thickbox\" rel=\"set_3\" >\r\n\t\t\t\t\t\t\t\t<img title=\"BEWEGUNG\" alt=\"BEWEGUNG\" src=\"http:\/\/www.evelyn-sommerhoff.de\/blog\/wp-content\/gallery\/malerei-korper\/thumbs\/thumbs_bewegunggross-web_.jpg\" width=\"100\" height=\"75\" \/>\r\n\t\t\t\t\t\t\t<\/a>\r\n\t\t<\/div>\r\n\t<\/div>\r\n\t\r\n\t\t\r\n \t\t\r\n\t<div id=\"ngg-image-113\" class=\"ngg-gallery-thumbnail-box\"  >\r\n\t\t<div class=\"ngg-gallery-thumbnail\" >\r\n\t\t\t<a href=\"http:\/\/www.evelyn-sommerhoff.de\/blog\/wp-content\/gallery\/malerei-korper\/img_2831.jpg\" title=\"MACHT UND OHNMACHT, Mischtechnik auf Ingres, 85x45cm, 2009\" class=\"thickbox\" rel=\"set_3\" >\r\n\t\t\t\t\t\t\t\t<img title=\"MACHT UND OHNMACHT\" alt=\"MACHT UND OHNMACHT\" src=\"http:\/\/www.evelyn-sommerhoff.de\/blog\/wp-content\/gallery\/malerei-korper\/thumbs\/thumbs_img_2831.jpg\" width=\"100\" height=\"75\" \/>\r\n\t\t\t\t\t\t\t<\/a>\r\n\t\t<\/div>\r\n\t<\/div>\r\n\t\r\n\t\t\r\n \t\t\r\n\t<div id=\"ngg-image-28\" class=\"ngg-gallery-thumbnail-box\"  >\r\n\t\t<div class=\"ngg-gallery-thumbnail\" >\r\n\t\t\t<a href=\"http:\/\/www.evelyn-sommerhoff.de\/blog\/wp-content\/gallery\/malerei-korper\/gelb2-web_.jpg\" title=\"GOMORRHA, 80x150cm, 2008\" class=\"thickbox\" rel=\"set_3\" >\r\n\t\t\t\t\t\t\t\t<img title=\"GOMORRHA\" alt=\"GOMORRHA\" src=\"http:\/\/www.evelyn-sommerhoff.de\/blog\/wp-content\/gallery\/malerei-korper\/thumbs\/thumbs_gelb2-web_.jpg\" width=\"100\" height=\"75\" \/>\r\n\t\t\t\t\t\t\t<\/a>\r\n\t\t<\/div>\r\n\t<\/div>\r\n\t\r\n\t\t\r\n \t\t\r\n\t<div id=\"ngg-image-29\" class=\"ngg-gallery-thumbnail-box\"  >\r\n\t\t<div class=\"ngg-gallery-thumbnail\" >\r\n\t\t\t<a href=\"http:\/\/www.evelyn-sommerhoff.de\/blog\/wp-content\/gallery\/malerei-korper\/akt_d_das_erste_mal-web_.jpg\" title=\"DAS ERSTE MAL-AKT D, \u00d6l auf Leinwand, 140x70cm, 1999\" class=\"thickbox\" rel=\"set_3\" >\r\n\t\t\t\t\t\t\t\t<img title=\"DAS ERSTE MAL-AKT D\" alt=\"DAS ERSTE MAL-AKT D\" src=\"http:\/\/www.evelyn-sommerhoff.de\/blog\/wp-content\/gallery\/malerei-korper\/thumbs\/thumbs_akt_d_das_erste_mal-web_.jpg\" width=\"100\" height=\"75\" \/>\r\n\t\t\t\t\t\t\t<\/a>\r\n\t\t<\/div>\r\n\t<\/div>\r\n\t\r\n\t\t\r\n \t\t\r\n\t<div id=\"ngg-image-30\" class=\"ngg-gallery-thumbnail-box\"  >\r\n\t\t<div class=\"ngg-gallery-thumbnail\" >\r\n\t\t\t<a href=\"http:\/\/www.evelyn-sommerhoff.de\/blog\/wp-content\/gallery\/malerei-korper\/erste_session_gross-web_.jpg\" title=\"ERSTE SESSION, \u00d6l auf Leinwand, 125x115cm, 1997\" class=\"thickbox\" rel=\"set_3\" >\r\n\t\t\t\t\t\t\t\t<img title=\"ERSTE SESSION\" alt=\"ERSTE SESSION\" src=\"http:\/\/www.evelyn-sommerhoff.de\/blog\/wp-content\/gallery\/malerei-korper\/thumbs\/thumbs_erste_session_gross-web_.jpg\" width=\"100\" height=\"75\" \/>\r\n\t\t\t\t\t\t\t<\/a>\r\n\t\t<\/div>\r\n\t<\/div>\r\n\t\r\n\t\t\r\n \t\t\r\n\t<div id=\"ngg-image-33\" class=\"ngg-gallery-thumbnail-box\"  >\r\n\t\t<div class=\"ngg-gallery-thumbnail\" >\r\n\t\t\t<a href=\"http:\/\/www.evelyn-sommerhoff.de\/blog\/wp-content\/gallery\/malerei-korper\/salome1-web_.jpg\" title=\"Salome VIII, Mischtechnik auf Karton, 58x38cm, 1997\" class=\"thickbox\" rel=\"set_3\" >\r\n\t\t\t\t\t\t\t\t<img title=\"Salome VIII\" alt=\"Salome VIII\" src=\"http:\/\/www.evelyn-sommerhoff.de\/blog\/wp-content\/gallery\/malerei-korper\/thumbs\/thumbs_salome1-web_.jpg\" width=\"100\" height=\"75\" \/>\r\n\t\t\t\t\t\t\t<\/a>\r\n\t\t<\/div>\r\n\t<\/div>\r\n\t\r\n\t\t\r\n \t\t\r\n\t<div id=\"ngg-image-43\" class=\"ngg-gallery-thumbnail-box\"  >\r\n\t\t<div class=\"ngg-gallery-thumbnail\" >\r\n\t\t\t<a href=\"http:\/\/www.evelyn-sommerhoff.de\/blog\/wp-content\/gallery\/malerei-korper\/barbara_oel_auf_lw.jpg\" title=\"Barbara, \u00d6l auf Leinwand, 100x70cm, 1997\" class=\"thickbox\" rel=\"set_3\" >\r\n\t\t\t\t\t\t\t\t<img title=\"Barbara\" alt=\"Barbara\" src=\"http:\/\/www.evelyn-sommerhoff.de\/blog\/wp-content\/gallery\/malerei-korper\/thumbs\/thumbs_barbara_oel_auf_lw.jpg\" width=\"100\" height=\"75\" \/>\r\n\t\t\t\t\t\t\t<\/a>\r\n\t\t<\/div>\r\n\t<\/div>\r\n\t\r\n\t\t\r\n \t\t\r\n\t<div id=\"ngg-image-39\" class=\"ngg-gallery-thumbnail-box\"  >\r\n\t\t<div class=\"ngg-gallery-thumbnail\" >\r\n\t\t\t<a href=\"http:\/\/www.evelyn-sommerhoff.de\/blog\/wp-content\/gallery\/malerei-korper\/am_pfahl_web.jpg\" title=\"Am Pfahl, \u00d6l auf Leinwand, 100x70cm, 1996\" class=\"thickbox\" rel=\"set_3\" >\r\n\t\t\t\t\t\t\t\t<img title=\"Am Pfahl\" alt=\"Am Pfahl\" src=\"http:\/\/www.evelyn-sommerhoff.de\/blog\/wp-content\/gallery\/malerei-korper\/thumbs\/thumbs_am_pfahl_web.jpg\" width=\"100\" height=\"75\" \/>\r\n\t\t\t\t\t\t\t<\/a>\r\n\t\t<\/div>\r\n\t<\/div>\r\n\t\r\n\t\t\r\n \t\t\r\n\t<div id=\"ngg-image-26\" class=\"ngg-gallery-thumbnail-box\"  >\r\n\t\t<div class=\"ngg-gallery-thumbnail\" >\r\n\t\t\t<a href=\"http:\/\/www.evelyn-sommerhoff.de\/blog\/wp-content\/gallery\/malerei-korper\/gelb1-web_.jpg\" title=\"L\u00dcSTERNE ENGEL, \u00d6l auf Leinwand, 125x115cm, 2006 \" class=\"thickbox\" rel=\"set_3\" >\r\n\t\t\t\t\t\t\t\t<img title=\"L\u00dcSTERNE ENGEL\" alt=\"L\u00dcSTERNE ENGEL\" src=\"http:\/\/www.evelyn-sommerhoff.de\/blog\/wp-content\/gallery\/malerei-korper\/thumbs\/thumbs_gelb1-web_.jpg\" width=\"100\" height=\"75\" \/>\r\n\t\t\t\t\t\t\t<\/a>\r\n\t\t<\/div>\r\n\t<\/div>\r\n\t\r\n\t\t\r\n \t\t\r\n\t<div id=\"ngg-image-31\" class=\"ngg-gallery-thumbnail-box\"  >\r\n\t\t<div class=\"ngg-gallery-thumbnail\" >\r\n\t\t\t<a href=\"http:\/\/www.evelyn-sommerhoff.de\/blog\/wp-content\/gallery\/malerei-korper\/grosse_knieende-web_.jpg\" title=\"Gro\u00dfe Knieende, \u00d6l auf Leinwand, 95x125cm, 1997\" class=\"thickbox\" rel=\"set_3\" >\r\n\t\t\t\t\t\t\t\t<img title=\"Gro\u00dfe Knieende\" alt=\"Gro\u00dfe Knieende\" src=\"http:\/\/www.evelyn-sommerhoff.de\/blog\/wp-content\/gallery\/malerei-korper\/thumbs\/thumbs_grosse_knieende-web_.jpg\" width=\"98\" height=\"75\" \/>\r\n\t\t\t\t\t\t\t<\/a>\r\n\t\t<\/div>\r\n\t<\/div>\r\n\t\r\n\t\t\r\n \t\t\r\n\t<div id=\"ngg-image-44\" class=\"ngg-gallery-thumbnail-box\"  >\r\n\t\t<div class=\"ngg-gallery-thumbnail\" >\r\n\t\t\t<a href=\"http:\/\/www.evelyn-sommerhoff.de\/blog\/wp-content\/gallery\/malerei-korper\/koerperlandschaft.jpg\" title=\"K\u00f6rperlandschaft, Tempera auf Karton, 100x70cm, 1996\" class=\"thickbox\" rel=\"set_3\" >\r\n\t\t\t\t\t\t\t\t<img title=\"K\u00f6rperlandschaft\" alt=\"K\u00f6rperlandschaft\" src=\"http:\/\/www.evelyn-sommerhoff.de\/blog\/wp-content\/gallery\/malerei-korper\/thumbs\/thumbs_koerperlandschaft.jpg\" width=\"100\" height=\"75\" \/>\r\n\t\t\t\t\t\t\t<\/a>\r\n\t\t<\/div>\r\n\t<\/div>\r\n\t\r\n\t\t\r\n \t\t\r\n\t<div id=\"ngg-image-45\" class=\"ngg-gallery-thumbnail-box\"  >\r\n\t\t<div class=\"ngg-gallery-thumbnail\" >\r\n\t\t\t<a href=\"http:\/\/www.evelyn-sommerhoff.de\/blog\/wp-content\/gallery\/malerei-korper\/kopfstand.jpg\" title=\"Kopfstand, Tempera auf Karton, 100x70cm, 1996\" class=\"thickbox\" rel=\"set_3\" >\r\n\t\t\t\t\t\t\t\t<img title=\"Kopfstand\" alt=\"Kopfstand\" src=\"http:\/\/www.evelyn-sommerhoff.de\/blog\/wp-content\/gallery\/malerei-korper\/thumbs\/thumbs_kopfstand.jpg\" width=\"100\" height=\"75\" \/>\r\n\t\t\t\t\t\t\t<\/a>\r\n\t\t<\/div>\r\n\t<\/div>\r\n\t\r\n\t\t\r\n \t \t\r\n\t<!-- Pagination -->\r\n \t<div class=\"ngg-clear\">&nbsp;<\/div> \t\r\n<\/div>\r\n\r\n<\/p>\n<p>ZEICHNUNG<br \/>\n\r\n<div class=\"ngg-galleryoverview\" id=\"ngg-gallery-7-55\">\r\n\r\n\r\n\t\r\n\t<!-- Thumbnails -->\r\n\t\t\r\n\t<div id=\"ngg-image-103\" class=\"ngg-gallery-thumbnail-box\"  >\r\n\t\t<div class=\"ngg-gallery-thumbnail\" >\r\n\t\t\t<a href=\"http:\/\/www.evelyn-sommerhoff.de\/blog\/wp-content\/gallery\/zeichnung\/image-1.jpg\" title=\"aus: GESELLSCHAFT 1-13, Tusche\/Grafit auf Karton, 14x27cm, 2007\" class=\"thickbox\" rel=\"set_7\" >\r\n\t\t\t\t\t\t\t\t<img title=\"aus: GESELLSCHAFT 1-13\" alt=\"aus: GESELLSCHAFT 1-13\" src=\"http:\/\/www.evelyn-sommerhoff.de\/blog\/wp-content\/gallery\/zeichnung\/thumbs\/thumbs_image-1.jpg\" width=\"100\" height=\"75\" \/>\r\n\t\t\t\t\t\t\t<\/a>\r\n\t\t<\/div>\r\n\t<\/div>\r\n\t\r\n\t\t\r\n \t\t\r\n\t<div id=\"ngg-image-105\" class=\"ngg-gallery-thumbnail-box\"  >\r\n\t\t<div class=\"ngg-gallery-thumbnail\" >\r\n\t\t\t<a href=\"http:\/\/www.evelyn-sommerhoff.de\/blog\/wp-content\/gallery\/zeichnung\/image-2.jpg\" title=\"aus: GESELLSCHAFT 1-13, Tusche\/Grafit auf Karton, 14x27cm, 2007\" class=\"thickbox\" rel=\"set_7\" >\r\n\t\t\t\t\t\t\t\t<img title=\"aus: GESELLSCHAFT 1-13\" alt=\"aus: GESELLSCHAFT 1-13\" src=\"http:\/\/www.evelyn-sommerhoff.de\/blog\/wp-content\/gallery\/zeichnung\/thumbs\/thumbs_image-2.jpg\" width=\"100\" height=\"75\" \/>\r\n\t\t\t\t\t\t\t<\/a>\r\n\t\t<\/div>\r\n\t<\/div>\r\n\t\r\n\t\t\r\n \t\t\r\n\t<div id=\"ngg-image-107\" class=\"ngg-gallery-thumbnail-box\"  >\r\n\t\t<div class=\"ngg-gallery-thumbnail\" >\r\n\t\t\t<a href=\"http:\/\/www.evelyn-sommerhoff.de\/blog\/wp-content\/gallery\/zeichnung\/image-3.jpg\" title=\"aus Gesellschaft 1-13, Grafit\/Tusche auf Karton, 14x27cm, 20o7\" class=\"thickbox\" rel=\"set_7\" >\r\n\t\t\t\t\t\t\t\t<img title=\"aus: Gesellschaft 1-13\" alt=\"aus: Gesellschaft 1-13\" src=\"http:\/\/www.evelyn-sommerhoff.de\/blog\/wp-content\/gallery\/zeichnung\/thumbs\/thumbs_image-3.jpg\" width=\"100\" height=\"75\" \/>\r\n\t\t\t\t\t\t\t<\/a>\r\n\t\t<\/div>\r\n\t<\/div>\r\n\t\r\n\t\t\r\n \t\t\r\n\t<div id=\"ngg-image-108\" class=\"ngg-gallery-thumbnail-box\"  >\r\n\t\t<div class=\"ngg-gallery-thumbnail\" >\r\n\t\t\t<a href=\"http:\/\/www.evelyn-sommerhoff.de\/blog\/wp-content\/gallery\/zeichnung\/image-4.jpg\" title=\"aus Gesellschaft 1-13, Grafit\/Tusche auf Karton, 14x27cm, 20o7\" class=\"thickbox\" rel=\"set_7\" >\r\n\t\t\t\t\t\t\t\t<img title=\"aus: Gesellschaft 1-13\" alt=\"aus: Gesellschaft 1-13\" src=\"http:\/\/www.evelyn-sommerhoff.de\/blog\/wp-content\/gallery\/zeichnung\/thumbs\/thumbs_image-4.jpg\" width=\"100\" height=\"75\" \/>\r\n\t\t\t\t\t\t\t<\/a>\r\n\t\t<\/div>\r\n\t<\/div>\r\n\t\r\n\t\t\r\n \t\t\r\n\t<div id=\"ngg-image-109\" class=\"ngg-gallery-thumbnail-box\"  >\r\n\t\t<div class=\"ngg-gallery-thumbnail\" >\r\n\t\t\t<a href=\"http:\/\/www.evelyn-sommerhoff.de\/blog\/wp-content\/gallery\/zeichnung\/image-7.jpg\" title=\"MEIN DIENER, Aquarell auf Karton, 12,5x25cm, 2008\" class=\"thickbox\" rel=\"set_7\" >\r\n\t\t\t\t\t\t\t\t<img title=\"MEIN DIENER\" alt=\"MEIN DIENER\" src=\"http:\/\/www.evelyn-sommerhoff.de\/blog\/wp-content\/gallery\/zeichnung\/thumbs\/thumbs_image-7.jpg\" width=\"100\" height=\"75\" \/>\r\n\t\t\t\t\t\t\t<\/a>\r\n\t\t<\/div>\r\n\t<\/div>\r\n\t\r\n\t\t\r\n \t\t\r\n\t<div id=\"ngg-image-112\" class=\"ngg-gallery-thumbnail-box\"  >\r\n\t\t<div class=\"ngg-gallery-thumbnail\" >\r\n\t\t\t<a href=\"http:\/\/www.evelyn-sommerhoff.de\/blog\/wp-content\/gallery\/zeichnung\/img_2827.jpg\" title=\"SCHLECHTE ERZIEHUNG, Tuschen\/Grafit auf Pergament, 39x26cm, 2009\" class=\"thickbox\" rel=\"set_7\" >\r\n\t\t\t\t\t\t\t\t<img title=\"SCHLECHTE ERZIEHUNG\" alt=\"SCHLECHTE ERZIEHUNG\" src=\"http:\/\/www.evelyn-sommerhoff.de\/blog\/wp-content\/gallery\/zeichnung\/thumbs\/thumbs_img_2827.jpg\" width=\"100\" height=\"75\" \/>\r\n\t\t\t\t\t\t\t<\/a>\r\n\t\t<\/div>\r\n\t<\/div>\r\n\t\r\n\t\t\r\n \t\t\r\n\t<div id=\"ngg-image-32\" class=\"ngg-gallery-thumbnail-box\"  >\r\n\t\t<div class=\"ngg-gallery-thumbnail\" >\r\n\t\t\t<a href=\"http:\/\/www.evelyn-sommerhoff.de\/blog\/wp-content\/gallery\/zeichnung\/paar_reihe_aquatinta-web_.jpg\" title=\"Paar II, Aquatinta auf Karton, 42x29cm, 2000\" class=\"thickbox\" rel=\"set_7\" >\r\n\t\t\t\t\t\t\t\t<img title=\"Paar II\" alt=\"Paar II\" src=\"http:\/\/www.evelyn-sommerhoff.de\/blog\/wp-content\/gallery\/zeichnung\/thumbs\/thumbs_paar_reihe_aquatinta-web_.jpg\" width=\"100\" height=\"75\" \/>\r\n\t\t\t\t\t\t\t<\/a>\r\n\t\t<\/div>\r\n\t<\/div>\r\n\t\r\n\t\t\r\n \t\t\r\n\t<div id=\"ngg-image-36\" class=\"ngg-gallery-thumbnail-box\"  >\r\n\t\t<div class=\"ngg-gallery-thumbnail\" >\r\n\t\t\t<a href=\"http:\/\/www.evelyn-sommerhoff.de\/blog\/wp-content\/gallery\/zeichnung\/dompteuse_i_u_ii_aquatinta_web.jpg\" title=\"Dompteuse, Aquatinta auf Karton, 42x29cm, 2000\" class=\"thickbox\" rel=\"set_7\" >\r\n\t\t\t\t\t\t\t\t<img title=\"Dompteuse\" alt=\"Dompteuse\" src=\"http:\/\/www.evelyn-sommerhoff.de\/blog\/wp-content\/gallery\/zeichnung\/thumbs\/thumbs_dompteuse_i_u_ii_aquatinta_web.jpg\" width=\"100\" height=\"75\" \/>\r\n\t\t\t\t\t\t\t<\/a>\r\n\t\t<\/div>\r\n\t<\/div>\r\n\t\r\n\t\t\r\n \t\t\r\n\t<div id=\"ngg-image-37\" class=\"ngg-gallery-thumbnail-box\"  >\r\n\t\t<div class=\"ngg-gallery-thumbnail\" >\r\n\t\t\t<a href=\"http:\/\/www.evelyn-sommerhoff.de\/blog\/wp-content\/gallery\/zeichnung\/paar_ii_reihe_aquatinta_web.jpg\" title=\"Paar III, Aquatinta auf Karton, 42x29cm, 2000\" class=\"thickbox\" rel=\"set_7\" >\r\n\t\t\t\t\t\t\t\t<img title=\"Paar III\" alt=\"Paar III\" src=\"http:\/\/www.evelyn-sommerhoff.de\/blog\/wp-content\/gallery\/zeichnung\/thumbs\/thumbs_paar_ii_reihe_aquatinta_web.jpg\" width=\"100\" height=\"75\" \/>\r\n\t\t\t\t\t\t\t<\/a>\r\n\t\t<\/div>\r\n\t<\/div>\r\n\t\r\n\t\t\r\n \t\t\r\n\t<div id=\"ngg-image-38\" class=\"ngg-gallery-thumbnail-box\"  >\r\n\t\t<div class=\"ngg-gallery-thumbnail\" >\r\n\t\t\t<a href=\"http:\/\/www.evelyn-sommerhoff.de\/blog\/wp-content\/gallery\/zeichnung\/paar_iv_reihe_aquatinta_web.jpg\" title=\"Paar IV, Aquatinta auf Karton, 42x29cm, 2000\" class=\"thickbox\" rel=\"set_7\" >\r\n\t\t\t\t\t\t\t\t<img title=\"Paar IV\" alt=\"Paar IV\" src=\"http:\/\/www.evelyn-sommerhoff.de\/blog\/wp-content\/gallery\/zeichnung\/thumbs\/thumbs_paar_iv_reihe_aquatinta_web.jpg\" width=\"100\" height=\"75\" \/>\r\n\t\t\t\t\t\t\t<\/a>\r\n\t\t<\/div>\r\n\t<\/div>\r\n\t\r\n\t\t\r\n \t\t\r\n\t<div id=\"ngg-image-40\" class=\"ngg-gallery-thumbnail-box\"  >\r\n\t\t<div class=\"ngg-gallery-thumbnail\" >\r\n\t\t\t<a href=\"http:\/\/www.evelyn-sommerhoff.de\/blog\/wp-content\/gallery\/zeichnung\/black_box_1_3.jpg\" title=\"black box, Tusche auf Aluminium, 11x16cm, 1999\" class=\"thickbox\" rel=\"set_7\" >\r\n\t\t\t\t\t\t\t\t<img title=\"black box\" alt=\"black box\" src=\"http:\/\/www.evelyn-sommerhoff.de\/blog\/wp-content\/gallery\/zeichnung\/thumbs\/thumbs_black_box_1_3.jpg\" width=\"100\" height=\"75\" \/>\r\n\t\t\t\t\t\t\t<\/a>\r\n\t\t<\/div>\r\n\t<\/div>\r\n\t\r\n\t\t\r\n \t\t\r\n\t<div id=\"ngg-image-41\" class=\"ngg-gallery-thumbnail-box\"  >\r\n\t\t<div class=\"ngg-gallery-thumbnail\" >\r\n\t\t\t<a href=\"http:\/\/www.evelyn-sommerhoff.de\/blog\/wp-content\/gallery\/zeichnung\/doro_iii.jpg\" title=\"Doro, Tusche auf Karton, 33x21cm, 1999\" class=\"thickbox\" rel=\"set_7\" >\r\n\t\t\t\t\t\t\t\t<img title=\"Doro III\" alt=\"Doro III\" src=\"http:\/\/www.evelyn-sommerhoff.de\/blog\/wp-content\/gallery\/zeichnung\/thumbs\/thumbs_doro_iii.jpg\" width=\"100\" height=\"75\" \/>\r\n\t\t\t\t\t\t\t<\/a>\r\n\t\t<\/div>\r\n\t<\/div>\r\n\t\r\n\t\t\r\n \t\t\r\n\t<div id=\"ngg-image-42\" class=\"ngg-gallery-thumbnail-box\"  >\r\n\t\t<div class=\"ngg-gallery-thumbnail\" >\r\n\t\t\t<a href=\"http:\/\/www.evelyn-sommerhoff.de\/blog\/wp-content\/gallery\/zeichnung\/doro_iv.jpg\" title=\"Doro II, Tusche auf Karton, 33x21cm, 1999\" class=\"thickbox\" rel=\"set_7\" >\r\n\t\t\t\t\t\t\t\t<img title=\"Doro IV\" alt=\"Doro IV\" src=\"http:\/\/www.evelyn-sommerhoff.de\/blog\/wp-content\/gallery\/zeichnung\/thumbs\/thumbs_doro_iv.jpg\" width=\"100\" height=\"75\" \/>\r\n\t\t\t\t\t\t\t<\/a>\r\n\t\t<\/div>\r\n\t<\/div>\r\n\t\r\n\t\t\r\n \t \t\r\n\t<!-- Pagination -->\r\n \t<div class=\"ngg-clear\">&nbsp;<\/div> \t\r\n<\/div>\r\n\r\n<\/p>\n<p>TANZ<br \/>\n\r\n<div class=\"ngg-galleryoverview\" id=\"ngg-gallery-8-55\">\r\n\r\n\r\n\t\r\n\t<!-- Thumbnails -->\r\n\t\t\r\n\t<div id=\"ngg-image-116\" class=\"ngg-gallery-thumbnail-box\"  >\r\n\t\t<div class=\"ngg-gallery-thumbnail\" >\r\n\t\t\t<a href=\"http:\/\/www.evelyn-sommerhoff.de\/blog\/wp-content\/gallery\/tanz\/tanz1a4kl.jpg\" title=\"aus: Tanz 1-400, Grafit auf Papier, 21x15, 2000\" class=\"thickbox\" rel=\"set_8\" >\r\n\t\t\t\t\t\t\t\t<img title=\"aus: Tanz 1-400\" alt=\"aus: Tanz 1-400\" src=\"http:\/\/www.evelyn-sommerhoff.de\/blog\/wp-content\/gallery\/tanz\/thumbs\/thumbs_tanz1a4kl.jpg\" width=\"100\" height=\"75\" \/>\r\n\t\t\t\t\t\t\t<\/a>\r\n\t\t<\/div>\r\n\t<\/div>\r\n\t\r\n\t\t\r\n \t\t\r\n\t<div id=\"ngg-image-117\" class=\"ngg-gallery-thumbnail-box\"  >\r\n\t\t<div class=\"ngg-gallery-thumbnail\" >\r\n\t\t\t<a href=\"http:\/\/www.evelyn-sommerhoff.de\/blog\/wp-content\/gallery\/tanz\/tanz3a4kl.jpg\" title=\"aus: Tanz 1-400, Grafit auf Papier, 42x29,5cm, 1997\" class=\"thickbox\" rel=\"set_8\" >\r\n\t\t\t\t\t\t\t\t<img title=\"aus: Tanz 1-400\" alt=\"aus: Tanz 1-400\" src=\"http:\/\/www.evelyn-sommerhoff.de\/blog\/wp-content\/gallery\/tanz\/thumbs\/thumbs_tanz3a4kl.jpg\" width=\"98\" height=\"75\" \/>\r\n\t\t\t\t\t\t\t<\/a>\r\n\t\t<\/div>\r\n\t<\/div>\r\n\t\r\n\t\t\r\n \t\t\r\n\t<div id=\"ngg-image-118\" class=\"ngg-gallery-thumbnail-box\"  >\r\n\t\t<div class=\"ngg-gallery-thumbnail\" >\r\n\t\t\t<a href=\"http:\/\/www.evelyn-sommerhoff.de\/blog\/wp-content\/gallery\/tanz\/tanz4a4kl.jpg\" title=\"aus: Tanz 1-400, Grafit auf Papier, 42x29,5cm, 1997\" class=\"thickbox\" rel=\"set_8\" >\r\n\t\t\t\t\t\t\t\t<img title=\"aus: Tanz 1-400\" alt=\"aus: Tanz 1-400\" src=\"http:\/\/www.evelyn-sommerhoff.de\/blog\/wp-content\/gallery\/tanz\/thumbs\/thumbs_tanz4a4kl.jpg\" width=\"100\" height=\"75\" \/>\r\n\t\t\t\t\t\t\t<\/a>\r\n\t\t<\/div>\r\n\t<\/div>\r\n\t\r\n\t\t\r\n \t\t\r\n\t<div id=\"ngg-image-119\" class=\"ngg-gallery-thumbnail-box\"  >\r\n\t\t<div class=\"ngg-gallery-thumbnail\" >\r\n\t\t\t<a href=\"http:\/\/www.evelyn-sommerhoff.de\/blog\/wp-content\/gallery\/tanz\/tanz5a4kl.jpg\" title=\"aus: Tanz 1-400, Grafit auf Papier, 42x29,5cm, 1997\" class=\"thickbox\" rel=\"set_8\" >\r\n\t\t\t\t\t\t\t\t<img title=\"aus: Tanz 1-400\" alt=\"aus: Tanz 1-400\" src=\"http:\/\/www.evelyn-sommerhoff.de\/blog\/wp-content\/gallery\/tanz\/thumbs\/thumbs_tanz5a4kl.jpg\" width=\"100\" height=\"75\" \/>\r\n\t\t\t\t\t\t\t<\/a>\r\n\t\t<\/div>\r\n\t<\/div>\r\n\t\r\n\t\t\r\n \t\t\r\n\t<div id=\"ngg-image-120\" class=\"ngg-gallery-thumbnail-box\"  >\r\n\t\t<div class=\"ngg-gallery-thumbnail\" >\r\n\t\t\t<a href=\"http:\/\/www.evelyn-sommerhoff.de\/blog\/wp-content\/gallery\/tanz\/tanz6a4kl.jpg\" title=\"aus: Tanz 1-400, Grafit auf Papier, 42x29,5cm, 1997\" class=\"thickbox\" rel=\"set_8\" >\r\n\t\t\t\t\t\t\t\t<img title=\"aus: Tanz 1-400\" alt=\"aus: Tanz 1-400\" src=\"http:\/\/www.evelyn-sommerhoff.de\/blog\/wp-content\/gallery\/tanz\/thumbs\/thumbs_tanz6a4kl.jpg\" width=\"100\" height=\"75\" \/>\r\n\t\t\t\t\t\t\t<\/a>\r\n\t\t<\/div>\r\n\t<\/div>\r\n\t\r\n\t\t\r\n \t\t\r\n\t<div id=\"ngg-image-121\" class=\"ngg-gallery-thumbnail-box\"  >\r\n\t\t<div class=\"ngg-gallery-thumbnail\" >\r\n\t\t\t<a href=\"http:\/\/www.evelyn-sommerhoff.de\/blog\/wp-content\/gallery\/tanz\/tanz6a4kl_0.jpg\" title=\"aus: Tanz 1-400, Grafit auf Papier, 42x29,5cm, 1997\" class=\"thickbox\" rel=\"set_8\" >\r\n\t\t\t\t\t\t\t\t<img title=\"aus: Tanz 1-400\" alt=\"aus: Tanz 1-400\" src=\"http:\/\/www.evelyn-sommerhoff.de\/blog\/wp-content\/gallery\/tanz\/thumbs\/thumbs_tanz6a4kl_0.jpg\" width=\"100\" height=\"75\" \/>\r\n\t\t\t\t\t\t\t<\/a>\r\n\t\t<\/div>\r\n\t<\/div>\r\n\t\r\n\t\t\r\n \t\t\r\n\t<div id=\"ngg-image-127\" class=\"ngg-gallery-thumbnail-box\"  >\r\n\t\t<div class=\"ngg-gallery-thumbnail\" >\r\n\t\t\t<a href=\"http:\/\/www.evelyn-sommerhoff.de\/blog\/wp-content\/gallery\/tanz\/20091214_088-orig_-scharf-640x307.jpg\" title=\"Sodom und Gomorrha II, Tuschen auf Japan, 145x80, 2009\" class=\"thickbox\" rel=\"set_8\" >\r\n\t\t\t\t\t\t\t\t<img title=\"Sodom und Gomorrha II\" alt=\"Sodom und Gomorrha II\" src=\"http:\/\/www.evelyn-sommerhoff.de\/blog\/wp-content\/gallery\/tanz\/thumbs\/thumbs_20091214_088-orig_-scharf-640x307.jpg\" width=\"100\" height=\"75\" \/>\r\n\t\t\t\t\t\t\t<\/a>\r\n\t\t<\/div>\r\n\t<\/div>\r\n\t\r\n\t\t\r\n \t \t\r\n\t<!-- Pagination -->\r\n \t<div class=\"ngg-clear\">&nbsp;<\/div> \t\r\n<\/div>\r\n\r\n<\/p>\n<p>LANDSCHAFT<br \/>\n\r\n<div class=\"ngg-galleryoverview\" id=\"ngg-gallery-4-55\">\r\n\r\n\r\n\t\r\n\t<!-- Thumbnails -->\r\n\t\t\r\n\t<div id=\"ngg-image-48\" class=\"ngg-gallery-thumbnail-box\"  >\r\n\t\t<div class=\"ngg-gallery-thumbnail\" >\r\n\t\t\t<a href=\"http:\/\/www.evelyn-sommerhoff.de\/blog\/wp-content\/gallery\/landschaft\/landschafta0.jpg\" title=\"Tuschen, Grafit, Acryl auf Fabrianokarton, 100x70cm\" class=\"thickbox\" rel=\"set_4\" >\r\n\t\t\t\t\t\t\t\t<img title=\"Bornstedter See\" alt=\"Bornstedter See\" src=\"http:\/\/www.evelyn-sommerhoff.de\/blog\/wp-content\/gallery\/landschaft\/thumbs\/thumbs_landschafta0.jpg\" width=\"100\" height=\"75\" \/>\r\n\t\t\t\t\t\t\t<\/a>\r\n\t\t<\/div>\r\n\t<\/div>\r\n\t\r\n\t\t\r\n \t \t\r\n\t<!-- Pagination -->\r\n \t<div class=\"ngg-clear\">&nbsp;<\/div> \t\r\n<\/div>\r\n\r\n<a href=\"http:\/\/www.evelyn-sommerhoff.de\/blog\/wp-content\/uploads\/2009\/12\/KLEINE-LANDSCHAFT-GOUACHEkl.jpg\"><img decoding=\"async\" loading=\"lazy\" class=\"alignnone size-medium wp-image-291\" title=\"KLEINE LANDSCHAFT \" src=\"http:\/\/www.evelyn-sommerhoff.de\/blog\/wp-content\/uploads\/2009\/12\/KLEINE-LANDSCHAFT-GOUACHEkl-300x218.jpg\" alt=\"Gouache auf Karton, 30x45\" width=\"65\" height=\"47\" srcset=\"https:\/\/www.evelyn-sommerhoff.de\/blog\/wp-content\/uploads\/2009\/12\/KLEINE-LANDSCHAFT-GOUACHEkl-300x218.jpg 300w, https:\/\/www.evelyn-sommerhoff.de\/blog\/wp-content\/uploads\/2009\/12\/KLEINE-LANDSCHAFT-GOUACHEkl.jpg 481w\" sizes=\"(max-width: 65px) 100vw, 65px\" \/><\/a> <a href=\"http:\/\/www.evelyn-sommerhoff.de\/blog\/wp-content\/uploads\/2009\/12\/DSC03537a.jpg\"><img decoding=\"async\" loading=\"lazy\" class=\"alignnone size-medium wp-image-295\" title=\"Fr\u00fchst\u00fcck im Gr\u00fcnen\" src=\"http:\/\/www.evelyn-sommerhoff.de\/blog\/wp-content\/uploads\/2009\/12\/DSC03537a-300x169.jpg\" alt=\"Tusche auf Pergament, 25x45\" width=\"86\" height=\"49\" srcset=\"https:\/\/www.evelyn-sommerhoff.de\/blog\/wp-content\/uploads\/2009\/12\/DSC03537a-300x169.jpg 300w, https:\/\/www.evelyn-sommerhoff.de\/blog\/wp-content\/uploads\/2009\/12\/DSC03537a-1024x578.jpg 1024w\" sizes=\"(max-width: 86px) 100vw, 86px\" \/><\/a><a href=\"http:\/\/www.evelyn-sommerhoff.de\/blog\/wp-content\/uploads\/2009\/12\/IMG_72261.jpg\"><img decoding=\"async\" loading=\"lazy\" class=\"alignnone size-thumbnail wp-image-300\" title=\"Roter Mond\" src=\"http:\/\/www.evelyn-sommerhoff.de\/blog\/wp-content\/uploads\/2009\/12\/IMG_72261-150x150.jpg\" alt=\"Tuschen\/Collage auf Karton, 100x80\" width=\"54\" height=\"54\" \/><\/a><\/p>\n<p><strong>FAHNEN<\/strong><\/p>\n<p>Der rote Faden im Werk von Evelyn Sommerhoff ist der menschliche K\u00f6rper in all seinen Facetten: Erotik, Energie, Gestik, Schwingung und Tanz in Bewegung und Ausdruck. Seit \u00fcber drei Jahrzehnten besch\u00e4ftigt sie sich intensiv mit diesem Thema. Sie pr\u00e4sentiert gro\u00dfformatige Papierfahnen \u2013 von gegenst\u00e4ndlichen Darstellungen bis hin zu meditativ und kraftvoll abstrahierten, gestischen Arbeiten, die sich mit den Bereichen Fahnen, Tanz und Figurinen auseinandersetzen.<\/p>\n<p>Evelyn Sommerhoff ist sowohl Zeichnerin als auch Malerin. Ihre markanten Tuschearbeiten, gro\u00dfformatig auf Chinapapier, abstrahieren meditativ den Augenblick eines Zustands \u2013 sei es der K\u00f6rper oder die Seele. Es sind Zeitphasen, die sie selbst nachempfindet, den Moment einf\u00e4ngt und in ihrer typischen, kraftvollen Art auf das Papier bringt.<\/p>\n<p>Die Konfrontation mit dem Betrachter ist fast provokativ, fordert die Auseinandersetzung heraus. Der Dialog zwischen Bewegung und Energie, den grundlegenden Elementen des Lebens und der Liebe \u2013 hier verst\u00e4rkt durch die intensiven Rott\u00f6ne \u2013 kann beginnen.<\/p>\n\r\n<div class=\"ngg-galleryoverview\" id=\"ngg-gallery-5-55\">\r\n\r\n\r\n\t\r\n\t<!-- Thumbnails -->\r\n\t\t\r\n\t<div id=\"ngg-image-46\" class=\"ngg-gallery-thumbnail-box\"  >\r\n\t\t<div class=\"ngg-gallery-thumbnail\" >\r\n\t\t\t<a href=\"http:\/\/www.evelyn-sommerhoff.de\/blog\/wp-content\/gallery\/fahnen\/fahne1.jpg\" title=\"Beize auf Chinapapier, 144x70cm\" class=\"thickbox\" rel=\"set_5\" >\r\n\t\t\t\t\t\t\t\t<img title=\"Energy\" alt=\"Energy\" src=\"http:\/\/www.evelyn-sommerhoff.de\/blog\/wp-content\/gallery\/fahnen\/thumbs\/thumbs_fahne1.jpg\" width=\"100\" height=\"75\" \/>\r\n\t\t\t\t\t\t\t<\/a>\r\n\t\t<\/div>\r\n\t<\/div>\r\n\t\r\n\t\t\r\n \t\t\r\n\t<div id=\"ngg-image-49\" class=\"ngg-gallery-thumbnail-box\"  >\r\n\t\t<div class=\"ngg-gallery-thumbnail\" >\r\n\t\t\t<a href=\"http:\/\/www.evelyn-sommerhoff.de\/blog\/wp-content\/gallery\/fahnen\/fahne2.jpg\" title=\"Beizen auf Chinapapier, 142x67cm\" class=\"thickbox\" rel=\"set_5\" >\r\n\t\t\t\t\t\t\t\t<img title=\"o.T.\" alt=\"o.T.\" src=\"http:\/\/www.evelyn-sommerhoff.de\/blog\/wp-content\/gallery\/fahnen\/thumbs\/thumbs_fahne2.jpg\" width=\"100\" height=\"75\" \/>\r\n\t\t\t\t\t\t\t<\/a>\r\n\t\t<\/div>\r\n\t<\/div>\r\n\t\r\n\t\t\r\n \t\t\r\n\t<div id=\"ngg-image-50\" class=\"ngg-gallery-thumbnail-box\"  >\r\n\t\t<div class=\"ngg-gallery-thumbnail\" >\r\n\t\t\t<a href=\"http:\/\/www.evelyn-sommerhoff.de\/blog\/wp-content\/gallery\/fahnen\/fahne3.jpg\" title=\"Beizen auf Chinapapier, 146x83cm\" class=\"thickbox\" rel=\"set_5\" >\r\n\t\t\t\t\t\t\t\t<img title=\"Begegnung\" alt=\"Begegnung\" src=\"http:\/\/www.evelyn-sommerhoff.de\/blog\/wp-content\/gallery\/fahnen\/thumbs\/thumbs_fahne3.jpg\" width=\"100\" height=\"75\" \/>\r\n\t\t\t\t\t\t\t<\/a>\r\n\t\t<\/div>\r\n\t<\/div>\r\n\t\r\n\t\t\r\n \t\t\r\n\t<div id=\"ngg-image-52\" class=\"ngg-gallery-thumbnail-box\"  >\r\n\t\t<div class=\"ngg-gallery-thumbnail\" >\r\n\t\t\t<a href=\"http:\/\/www.evelyn-sommerhoff.de\/blog\/wp-content\/gallery\/fahnen\/fahne4.jpg\" title=\"Beizen auf Chinapapier, 147x69cm\" class=\"thickbox\" rel=\"set_5\" >\r\n\t\t\t\t\t\t\t\t<img title=\"o.T.\" alt=\"o.T.\" src=\"http:\/\/www.evelyn-sommerhoff.de\/blog\/wp-content\/gallery\/fahnen\/thumbs\/thumbs_fahne4.jpg\" width=\"100\" height=\"75\" \/>\r\n\t\t\t\t\t\t\t<\/a>\r\n\t\t<\/div>\r\n\t<\/div>\r\n\t\r\n\t\t\r\n \t\t\r\n\t<div id=\"ngg-image-51\" class=\"ngg-gallery-thumbnail-box\"  >\r\n\t\t<div class=\"ngg-gallery-thumbnail\" >\r\n\t\t\t<a href=\"http:\/\/www.evelyn-sommerhoff.de\/blog\/wp-content\/gallery\/fahnen\/fahne5.jpg\" title=\"Tuschen, Beizen, Gouache auf Chinapapier, 150x68\" class=\"thickbox\" rel=\"set_5\" >\r\n\t\t\t\t\t\t\t\t<img title=\"Operns\u00e4ngerin \" alt=\"Operns\u00e4ngerin \" src=\"http:\/\/www.evelyn-sommerhoff.de\/blog\/wp-content\/gallery\/fahnen\/thumbs\/thumbs_fahne5.jpg\" width=\"100\" height=\"75\" \/>\r\n\t\t\t\t\t\t\t<\/a>\r\n\t\t<\/div>\r\n\t<\/div>\r\n\t\r\n\t\t\r\n \t\t\r\n\t<div id=\"ngg-image-94\" class=\"ngg-gallery-thumbnail-box\"  >\r\n\t\t<div class=\"ngg-gallery-thumbnail\" >\r\n\t\t\t<a href=\"http:\/\/www.evelyn-sommerhoff.de\/blog\/wp-content\/gallery\/fahnen\/20091214_088_640x301.jpg\" title=\"Sodom und Gomorrha II, Tuschen auf Japan, 145x80, 2009\" class=\"thickbox\" rel=\"set_5\" >\r\n\t\t\t\t\t\t\t\t<img title=\"SODOM UND GOMORRHA II\" alt=\"SODOM UND GOMORRHA II\" src=\"http:\/\/www.evelyn-sommerhoff.de\/blog\/wp-content\/gallery\/fahnen\/thumbs\/thumbs_20091214_088_640x301.jpg\" width=\"100\" height=\"75\" \/>\r\n\t\t\t\t\t\t\t<\/a>\r\n\t\t<\/div>\r\n\t<\/div>\r\n\t\r\n\t\t\r\n \t \t\r\n\t<!-- Pagination -->\r\n \t<div class=\"ngg-clear\">&nbsp;<\/div> \t\r\n<\/div>\r\n\r\n\n","protected":false},"excerpt":{"rendered":"VIRTUELLE GALERIE&#8230;\n\n\tdomReady(function() {\n\t\tvar instance6 = new ImageFlow();\n\t\tinstance6.init({\n\t\t\tImageFlowID:&#8217;ImageFlow_6&#8242;\n\t\t\t, startID: 3\n\t\t\t, startAnimation: true\n\t\t\t, onClick: function() { return hs.expand(this,{ src: this.getAttribute(&#8218;longdesc&#8216;)});}\n\t\t});\n\t});\n\n\n\t\n\t\n\t\n\t\n\t\n\t\n\t\n\t\n\t\n\t\n\t\n\t\n\t\n\nMOTION IN RED\nVernissage 13. Januar 2010 ab 19h &hellip;","protected":false},"author":2,"featured_media":0,"parent":0,"menu_order":1,"comment_status":"closed","ping_status":"closed","template":"","meta":[],"_links":{"self":[{"href":"https:\/\/www.evelyn-sommerhoff.de\/index.php?rest_route=\/wp\/v2\/pages\/55"}],"collection":[{"href":"https:\/\/www.evelyn-sommerhoff.de\/index.php?rest_route=\/wp\/v2\/pages"}],"about":[{"href":"https:\/\/www.evelyn-sommerhoff.de\/index.php?rest_route=\/wp\/v2\/types\/page"}],"author":[{"embeddable":true,"href":"https:\/\/www.evelyn-sommerhoff.de\/index.php?rest_route=\/wp\/v2\/users\/2"}],"replies":[{"embeddable":true,"href":"https:\/\/www.evelyn-sommerhoff.de\/index.php?rest_route=%2Fwp%2Fv2%2Fcomments&post=55"}],"version-history":[{"count":54,"href":"https:\/\/www.evelyn-sommerhoff.de\/index.php?rest_route=\/wp\/v2\/pages\/55\/revisions"}],"predecessor-version":[{"id":1920,"href":"https:\/\/www.evelyn-sommerhoff.de\/index.php?rest_route=\/wp\/v2\/pages\/55\/revisions\/1920"}],"wp:attachment":[{"href":"https:\/\/www.evelyn-sommerhoff.de\/index.php?rest_route=%2Fwp%2Fv2%2Fmedia&parent=55"}],"curies":[{"name":"wp","href":"https:\/\/api.w.org\/{rel}","templated":true}]}}